{"id":12,"date":"2024-06-30T23:04:41","date_gmt":"2024-06-30T23:04:41","guid":{"rendered":"https:\/\/maparoisse.ca\/site-juillet-2024\/contact\/"},"modified":"2024-08-11T23:09:49","modified_gmt":"2024-08-11T23:09:49","slug":"cimetieres","status":"publish","type":"page","link":"https:\/\/maparoisse.ca\/site-juillet-2024\/cimetieres\/","title":{"rendered":"Cimeti\u00e8res"},"content":{"rendered":"\t\t<div data-elementor-type=\"wp-page\" data-elementor-id=\"12\" class=\"elementor elementor-12\">\n\t\t\t\t<div class=\"elementor-element elementor-element-2f946d5 e-flex e-con-boxed e-con e-parent\" data-id=\"2f946d5\" data-element_type=\"container\" data-settings=\"{&quot;background_background&quot;:&quot;classic&quot;}\">\n\t\t\t\t\t<div class=\"e-con-inner\">\n\t\t\t\t<div class=\"elementor-element elementor-element-fe6e10e elementor-widget__width-initial elementor-widget elementor-widget-heading\" data-id=\"fe6e10e\" data-element_type=\"widget\" data-widget_type=\"heading.default\">\n\t\t\t\t<div class=\"elementor-widget-container\">\n\t\t\t\t\t<p class=\"elementor-heading-title elementor-size-default\">Cimeti\u00e8res<\/p>\t\t\t\t<\/div>\n\t\t\t\t<\/div>\n\t\t\t\t<div class=\"elementor-element elementor-element-7f34d55 elementor-widget__width-initial elementor-widget elementor-widget-heading\" data-id=\"7f34d55\" data-element_type=\"widget\" data-widget_type=\"heading.default\">\n\t\t\t\t<div class=\"elementor-widget-container\">\n\t\t\t\t\t<h1 class=\"elementor-heading-title elementor-size-default\"> Sainte-Doroth\u00e9e et de Notre-Dame-de-l'Esp\u00e9rance.<\/h1>\t\t\t\t<\/div>\n\t\t\t\t<\/div>\n\t\t\t\t\t<\/div>\n\t\t\t\t<\/div>\n\t\t\t\t<section class=\"elementor-section elementor-top-section elementor-element elementor-element-hsfb7oz elementor-section-content-middle elementor-section-boxed elementor-section-height-default elementor-section-height-default\" data-id=\"hsfb7oz\" data-element_type=\"section\" data-settings=\"{&quot;background_background&quot;:&quot;classic&quot;}\">\n\t\t\t\t\t\t<div class=\"elementor-container elementor-column-gap-no\">\n\t\t\t\t\t<div class=\"elementor-column elementor-col-50 elementor-top-column elementor-element elementor-element-e2ff3f8\" data-id=\"e2ff3f8\" data-element_type=\"column\">\n\t\t\t<div class=\"elementor-widget-wrap elementor-element-populated\">\n\t\t\t\t\t\t<div class=\"elementor-element elementor-element-c8804af elementor-widget elementor-widget-heading\" data-id=\"c8804af\" data-element_type=\"widget\" data-widget_type=\"heading.default\">\n\t\t\t\t<div class=\"elementor-widget-container\">\n\t\t\t\t\t<h2 class=\"elementor-heading-title elementor-size-default\">Cimeti\u00e8re Sainte-Doroth\u00e9e<\/h2>\t\t\t\t<\/div>\n\t\t\t\t<\/div>\n\t\t\t\t<section class=\"elementor-section elementor-inner-section elementor-element elementor-element-1562971 elementor-section-boxed elementor-section-height-default elementor-section-height-default\" data-id=\"1562971\" data-element_type=\"section\">\n\t\t\t\t\t\t<div class=\"elementor-container elementor-column-gap-no\">\n\t\t\t\t\t<div class=\"elementor-column elementor-col-50 elementor-inner-column elementor-element elementor-element-5f94de3\" data-id=\"5f94de3\" data-element_type=\"column\">\n\t\t\t<div class=\"elementor-widget-wrap elementor-element-populated\">\n\t\t\t\t\t\t<div class=\"elementor-element elementor-element-c2ea5d1 elementor-widget elementor-widget-heading\" data-id=\"c2ea5d1\" data-element_type=\"widget\" data-widget_type=\"heading.default\">\n\t\t\t\t<div class=\"elementor-widget-container\">\n\t\t\t\t\t<h4 class=\"elementor-heading-title elementor-size-default\">Adresse<\/h4>\t\t\t\t<\/div>\n\t\t\t\t<\/div>\n\t\t\t\t<div class=\"elementor-element elementor-element-c66c92b elementor-widget elementor-widget-text-editor\" data-id=\"c66c92b\" data-element_type=\"widget\" data-widget_type=\"text-editor.default\">\n\t\t\t\t<div class=\"elementor-widget-container\">\n\t\t\t\t\t\t\t\t\t<p>655 Rue Principale, Laval, QC H7X 1E2<\/p>\t\t\t\t\t\t\t\t<\/div>\n\t\t\t\t<\/div>\n\t\t\t\t\t<\/div>\n\t\t<\/div>\n\t\t\t\t<div class=\"elementor-column elementor-col-50 elementor-inner-column elementor-element elementor-element-7b1544f\" data-id=\"7b1544f\" data-element_type=\"column\">\n\t\t\t<div class=\"elementor-widget-wrap elementor-element-populated\">\n\t\t\t\t\t\t<div class=\"elementor-element elementor-element-f97acc8 elementor-widget elementor-widget-heading\" data-id=\"f97acc8\" data-element_type=\"widget\" data-widget_type=\"heading.default\">\n\t\t\t\t<div class=\"elementor-widget-container\">\n\t\t\t\t\t<h4 class=\"elementor-heading-title elementor-size-default\">Heures<\/h4>\t\t\t\t<\/div>\n\t\t\t\t<\/div>\n\t\t\t\t<div class=\"elementor-element elementor-element-82b1820 elementor-icon-list--layout-traditional elementor-list-item-link-full_width elementor-widget elementor-widget-icon-list\" data-id=\"82b1820\" data-element_type=\"widget\" data-widget_type=\"icon-list.default\">\n\t\t\t\t<div class=\"elementor-widget-container\">\n\t\t\t\t\t\t\t<ul class=\"elementor-icon-list-items\">\n\t\t\t\t\t\t\t<li class=\"elementor-icon-list-item\">\n\t\t\t\t\t\t\t\t\t\t<span class=\"elementor-icon-list-text\">Ouvert en tout temps<\/span>\n\t\t\t\t\t\t\t\t\t<\/li>\n\t\t\t\t\t\t<\/ul>\n\t\t\t\t\t\t<\/div>\n\t\t\t\t<\/div>\n\t\t\t\t\t<\/div>\n\t\t<\/div>\n\t\t\t\t\t<\/div>\n\t\t<\/section>\n\t\t\t\t\t<\/div>\n\t\t<\/div>\n\t\t\t\t<div class=\"elementor-column elementor-col-50 elementor-top-column elementor-element elementor-element-e66ddf3\" data-id=\"e66ddf3\" data-element_type=\"column\">\n\t\t\t<div class=\"elementor-widget-wrap elementor-element-populated\">\n\t\t\t\t\t\t<div class=\"elementor-element elementor-element-0e0528d elementor-widget elementor-widget-google_maps\" data-id=\"0e0528d\" data-element_type=\"widget\" data-widget_type=\"google_maps.default\">\n\t\t\t\t<div class=\"elementor-widget-container\">\n\t\t\t\t\t\t\t<div class=\"elementor-custom-embed\">\n\t\t\t<iframe loading=\"lazy\"\n\t\t\t\t\tsrc=\"https:\/\/maps.google.com\/maps?q=655%2C%20rue%20Principale%2C%20Laval%2C%20H7X%201E2&#038;t=m&#038;z=16&#038;output=embed&#038;iwloc=near\"\n\t\t\t\t\ttitle=\"655, rue Principale, Laval, H7X 1E2\"\n\t\t\t\t\taria-label=\"655, rue Principale, Laval, H7X 1E2\"\n\t\t\t><\/iframe>\n\t\t<\/div>\n\t\t\t\t\t\t<\/div>\n\t\t\t\t<\/div>\n\t\t\t\t\t<\/div>\n\t\t<\/div>\n\t\t\t\t\t<\/div>\n\t\t<\/section>\n\t\t\t\t<section class=\"elementor-section elementor-top-section elementor-element elementor-element-96e3302 elementor-section-content-middle elementor-section-boxed elementor-section-height-default elementor-section-height-default\" data-id=\"96e3302\" data-element_type=\"section\" data-settings=\"{&quot;background_background&quot;:&quot;classic&quot;}\">\n\t\t\t\t\t\t<div class=\"elementor-container elementor-column-gap-no\">\n\t\t\t\t\t<div class=\"elementor-column elementor-col-50 elementor-top-column elementor-element elementor-element-5ca3d06\" data-id=\"5ca3d06\" data-element_type=\"column\">\n\t\t\t<div class=\"elementor-widget-wrap elementor-element-populated\">\n\t\t\t\t\t\t<div class=\"elementor-element elementor-element-c901b20 elementor-widget elementor-widget-heading\" data-id=\"c901b20\" data-element_type=\"widget\" data-widget_type=\"heading.default\">\n\t\t\t\t<div class=\"elementor-widget-container\">\n\t\t\t\t\t<h2 class=\"elementor-heading-title elementor-size-default\">Cimeti\u00e8re Notre-Dame-de-l'Esp\u00e9rance<\/h2>\t\t\t\t<\/div>\n\t\t\t\t<\/div>\n\t\t\t\t<section class=\"elementor-section elementor-inner-section elementor-element elementor-element-66aed9e elementor-section-boxed elementor-section-height-default elementor-section-height-default\" data-id=\"66aed9e\" data-element_type=\"section\">\n\t\t\t\t\t\t<div class=\"elementor-container elementor-column-gap-no\">\n\t\t\t\t\t<div class=\"elementor-column elementor-col-50 elementor-inner-column elementor-element elementor-element-f9372aa\" data-id=\"f9372aa\" data-element_type=\"column\">\n\t\t\t<div class=\"elementor-widget-wrap elementor-element-populated\">\n\t\t\t\t\t\t<div class=\"elementor-element elementor-element-ac48906 elementor-widget elementor-widget-heading\" data-id=\"ac48906\" data-element_type=\"widget\" data-widget_type=\"heading.default\">\n\t\t\t\t<div class=\"elementor-widget-container\">\n\t\t\t\t\t<h4 class=\"elementor-heading-title elementor-size-default\">Adresse<\/h4>\t\t\t\t<\/div>\n\t\t\t\t<\/div>\n\t\t\t\t<div class=\"elementor-element elementor-element-9bed6f9 elementor-widget elementor-widget-text-editor\" data-id=\"9bed6f9\" data-element_type=\"widget\" data-widget_type=\"text-editor.default\">\n\t\t\t\t<div class=\"elementor-widget-container\">\n\t\t\t\t\t\t\t\t\t<p>1759\u00a0 Rue Antoine-Dalmas, Laval, QC H7Y 2A8<\/p>\t\t\t\t\t\t\t\t<\/div>\n\t\t\t\t<\/div>\n\t\t\t\t\t<\/div>\n\t\t<\/div>\n\t\t\t\t<div class=\"elementor-column elementor-col-50 elementor-inner-column elementor-element elementor-element-9655594\" data-id=\"9655594\" data-element_type=\"column\">\n\t\t\t<div class=\"elementor-widget-wrap elementor-element-populated\">\n\t\t\t\t\t\t<div class=\"elementor-element elementor-element-241bd05 elementor-widget elementor-widget-heading\" data-id=\"241bd05\" data-element_type=\"widget\" data-widget_type=\"heading.default\">\n\t\t\t\t<div class=\"elementor-widget-container\">\n\t\t\t\t\t<h4 class=\"elementor-heading-title elementor-size-default\">Heures<\/h4>\t\t\t\t<\/div>\n\t\t\t\t<\/div>\n\t\t\t\t<div class=\"elementor-element elementor-element-eda478b elementor-icon-list--layout-traditional elementor-list-item-link-full_width elementor-widget elementor-widget-icon-list\" data-id=\"eda478b\" data-element_type=\"widget\" data-widget_type=\"icon-list.default\">\n\t\t\t\t<div class=\"elementor-widget-container\">\n\t\t\t\t\t\t\t<ul class=\"elementor-icon-list-items\">\n\t\t\t\t\t\t\t<li class=\"elementor-icon-list-item\">\n\t\t\t\t\t\t\t\t\t\t<span class=\"elementor-icon-list-text\">Ouvert en tout temps<\/span>\n\t\t\t\t\t\t\t\t\t<\/li>\n\t\t\t\t\t\t<\/ul>\n\t\t\t\t\t\t<\/div>\n\t\t\t\t<\/div>\n\t\t\t\t\t<\/div>\n\t\t<\/div>\n\t\t\t\t\t<\/div>\n\t\t<\/section>\n\t\t\t\t\t<\/div>\n\t\t<\/div>\n\t\t\t\t<div class=\"elementor-column elementor-col-50 elementor-top-column elementor-element elementor-element-3f7489e\" data-id=\"3f7489e\" data-element_type=\"column\">\n\t\t\t<div class=\"elementor-widget-wrap elementor-element-populated\">\n\t\t\t\t\t\t<div class=\"elementor-element elementor-element-5ef7e91 elementor-widget elementor-widget-google_maps\" data-id=\"5ef7e91\" data-element_type=\"widget\" data-widget_type=\"google_maps.default\">\n\t\t\t\t<div class=\"elementor-widget-container\">\n\t\t\t\t\t\t\t<div class=\"elementor-custom-embed\">\n\t\t\t<iframe loading=\"lazy\"\n\t\t\t\t\tsrc=\"https:\/\/maps.google.com\/maps?q=1759%20Antoine%20Dalmas%2C%20Laval%2C%20H7Y%202A8&#038;t=m&#038;z=16&#038;output=embed&#038;iwloc=near\"\n\t\t\t\t\ttitle=\"1759 Antoine Dalmas, Laval, H7Y 2A8\"\n\t\t\t\t\taria-label=\"1759 Antoine Dalmas, Laval, H7Y 2A8\"\n\t\t\t><\/iframe>\n\t\t<\/div>\n\t\t\t\t\t\t<\/div>\n\t\t\t\t<\/div>\n\t\t\t\t\t<\/div>\n\t\t<\/div>\n\t\t\t\t\t<\/div>\n\t\t<\/section>\n\t\t<div class=\"elementor-element elementor-element-8d0ccce e-flex e-con-boxed e-con e-parent\" data-id=\"8d0ccce\" data-element_type=\"container\" data-settings=\"{&quot;background_background&quot;:&quot;classic&quot;}\">\n\t\t\t\t\t<div class=\"e-con-inner\">\n\t\t<div class=\"elementor-element elementor-element-edb27a4 e-con-full e-flex e-con e-child\" data-id=\"edb27a4\" data-element_type=\"container\">\n\t\t\t\t<div class=\"elementor-element elementor-element-e1f8604 elementor-widget elementor-widget-heading\" data-id=\"e1f8604\" data-element_type=\"widget\" data-widget_type=\"heading.default\">\n\t\t\t\t<div class=\"elementor-widget-container\">\n\t\t\t\t\t<h2 class=\"elementor-heading-title elementor-size-default\">R\u00e8glements des cimeti\u00e8res de Sainte-Doroth\u00e9e et de Notre-Dame-de-l'Esp\u00e9rance\nde la Fabrique de la paroisse de Sainte-Doroth\u00e9e, Laval <\/h2>\t\t\t\t<\/div>\n\t\t\t\t<\/div>\n\t\t\t\t<\/div>\n\t\t<div class=\"elementor-element elementor-element-0e7aa88 e-con-full e-flex e-con e-child\" data-id=\"0e7aa88\" data-element_type=\"container\">\n\t\t\t\t<div class=\"elementor-element elementor-element-ec7fff0 elementor-widget elementor-widget-heading\" data-id=\"ec7fff0\" data-element_type=\"widget\" data-widget_type=\"heading.default\">\n\t\t\t\t<div class=\"elementor-widget-container\">\n\t\t\t\t\t<h2 class=\"elementor-heading-title elementor-size-default\">Chapitre 1: Dispositions g\u00e9n\u00e9rales<\/h2>\t\t\t\t<\/div>\n\t\t\t\t<\/div>\n\t\t\t\t<\/div>\n\t\t<div class=\"elementor-element elementor-element-4e96538 e-con-full e-flex e-con e-child\" data-id=\"4e96538\" data-element_type=\"container\">\n\t\t\t\t<div class=\"elementor-element elementor-element-68c8ba3 elementor-widget elementor-widget-heading\" data-id=\"68c8ba3\" data-element_type=\"widget\" data-widget_type=\"heading.default\">\n\t\t\t\t<div class=\"elementor-widget-container\">\n\t\t\t\t\t<h2 class=\"elementor-heading-title elementor-size-default\">1 : TITRE DU R\u00c8GLEMENT <\/h2>\t\t\t\t<\/div>\n\t\t\t\t<\/div>\n\t\t\t\t<\/div>\n\t\t<div class=\"elementor-element elementor-element-0006a2c e-con-full e-flex e-con e-child\" data-id=\"0006a2c\" data-element_type=\"container\">\n\t\t\t\t<div class=\"elementor-element elementor-element-507d66c elementor-widget elementor-widget-text-editor\" data-id=\"507d66c\" data-element_type=\"widget\" data-widget_type=\"text-editor.default\">\n\t\t\t\t<div class=\"elementor-widget-container\">\n\t\t\t\t\t\t\t\t\t<p>Le pr\u00e9sent r\u00e8glement est intitul\u00e9 R\u00e8glement sur les conditions de concession et d\u2019administration g\u00e9n\u00e9rale des cimeti\u00e8res de la Fabrique de la paroisse de Sainte-Doroth\u00e9e, Laval.\u00a0<\/p>\t\t\t\t\t\t\t\t<\/div>\n\t\t\t\t<\/div>\n\t\t\t\t<\/div>\n\t\t<div class=\"elementor-element elementor-element-2141e5c e-con-full e-flex e-con e-child\" data-id=\"2141e5c\" data-element_type=\"container\">\n\t\t\t\t<div class=\"elementor-element elementor-element-171353c elementor-widget elementor-widget-heading\" data-id=\"171353c\" data-element_type=\"widget\" data-widget_type=\"heading.default\">\n\t\t\t\t<div class=\"elementor-widget-container\">\n\t\t\t\t\t<h2 class=\"elementor-heading-title elementor-size-default\">2 : D\u00c9FINITIONS<\/h2>\t\t\t\t<\/div>\n\t\t\t\t<\/div>\n\t\t\t\t<\/div>\n\t\t<div class=\"elementor-element elementor-element-31c1f46 e-con-full e-flex e-con e-child\" data-id=\"31c1f46\" data-element_type=\"container\">\n\t\t\t\t<div class=\"elementor-element elementor-element-4ea66c6 elementor-widget elementor-widget-text-editor\" data-id=\"4ea66c6\" data-element_type=\"widget\" data-widget_type=\"text-editor.default\">\n\t\t\t\t<div class=\"elementor-widget-container\">\n\t\t\t\t\t\t\t\t\t<p>Dans le pr\u00e9sent R\u00e8glement, \u00e0 moins que le contexte n\u2019indique un sens diff\u00e9rent, nous entendons par:\u00a0<br \/>\u00a0<br \/>2.01 All\u00e9e des cendres : Section de terrain compos\u00e9e de lots servant uniquement au d\u00e9p\u00f4t, sous terre, de cendres humaines contenues dans des urnes cin\u00e9raires. \u00a0<br \/>\u00a0<br \/>2.02 B\u00e9n\u00e9ficiaire : Personne qui profite d\u2019un avantage ou d\u2019un privil\u00e8ge.\u00a0<br \/>\u00a0<br \/>2.03 Cendres : R\u00e9sidu solide produit par la combustion d\u2019un corps humain.\u00a0<br \/>\u00a0<br \/>2.04 Cimeti\u00e8re : Tous les terrains, b\u00e2timents, chemins, all\u00e9es, arbres, arbustes, haies et cl\u00f4tures sous l\u2019autorit\u00e9 des cimeti\u00e8res de Sainte-Doroth\u00e9e et de Notre-Dame-de-l\u2019Esp\u00e9rance propri\u00e9t\u00e9s de la Fabrique de la paroisse de Sainte-Doroth\u00e9e, Laval.\u00a0<br \/>\u00a0<br \/>2.05 Columbarium : Installation fun\u00e9raire compos\u00e9e de niches dans lesquelles il est d\u00e9pos\u00e9 uniquement des cendres humaines contenues dans des urnes cin\u00e9raires.\u00a0<br \/>\u00a0<br \/>2.06 Concession : Le droit d\u2019usage accord\u00e9e par la Fabrique, au moyen d\u2019un contrat de concession, d\u2019un emplacement fun\u00e9raire propri\u00e9t\u00e9 de la Fabrique, dans le but exclusif de disposer du corps ou des cendres de d\u00e9funts en conformit\u00e9 avec la loi et la r\u00e9glementation en vigueur. \u00a0<br \/>\u00a0<br \/>2.07 Concessionnaire : Une personne physique ayant acquis une concession par Contrat de concession ou en vertu des r\u00e8gles pr\u00e9vues de transfert des droits par ce R\u00e8glement. Un concessionnaire peut aussi \u00eatre une communaut\u00e9 religieuse ou un organisme accept\u00e9 sp\u00e9cifiquement par la Fabrique, mutatis mutandis.\u00a0<br \/>1\u00a0<br \/>\u00a0<br \/>\u00a0<br \/>\u00a0<br \/>2.08 Contrat de concession : Un contrat \u00e9crit, intervenu entre la Fabrique et le concessionnaire, par lequel la Fabrique accorde une concession pour une p\u00e9riode d\u00e9termin\u00e9e en contrepartie du paiement des co\u00fbts exigibles fix\u00e9s par la Fabrique. L\u2019entente contractuelle est soumise aux termes et conditions du R\u00e8glement en vigueur \u00e0 la date de signature et \u00e0 tous les r\u00e8glements suivants.\u00a0<br \/>\u00a0<br \/>2.09 Corps : Cadavre d\u2019un humain dans un cercueil. Aucun objet facultatif \u00e0 une inhumation n\u2019est accept\u00e9 dans ledit cercueil. \u00a0<br \/>\u00a0<br \/>2.10 D\u00e9p\u00f4t: Le fait de recevoir des cendres humaines dans une urne et de les disposer soit en terre ou en niche.\u00a0<br \/>\u00a0<br \/>2.11 Emplacement fun\u00e9raire : Terme g\u00e9n\u00e9ral englobant les deux types d\u2019emplacement disponibles au cimeti\u00e8re : les lots aux terrains et les niches aux columbariums.\u00a0<br \/>\u00a0<br \/>2.12 \u00c9pitaphe : Inscription, grav\u00e9e ou non, sur un monument.\u00a0<br \/>\u00a0<br \/>2.13 Fabrique : Signifie Fabrique de la paroisse de Sainte-Doroth\u00e9e, Laval. La Fabrique est compos\u00e9e de personnes qui occupent les charges de pr\u00e9sident d\u2019assembl\u00e9e ou cur\u00e9 ainsi que les marguilliers et des marguill\u00e8res de ladite paroisse.\u00a0<br \/>\u00a0<br \/>2.14 Jardin des cendres : Lot communautaire servant au d\u00e9p\u00f4t, sous terre, des cendres humaines contenues dans des urnes. Le lot est pourvu d\u2019un monument servant \u00e0 l\u2019inscription du nom des personnes y reposant.\u00a0<br \/>\u00a0<br \/>2.15 Lot : Un lopin de terre destin\u00e9 \u00e0 l\u2019inhumation d\u2019un corps humain ou au d\u00e9p\u00f4t de cendres humaines sous terre.\u00a0<br \/>\u00a0<br \/>2.16 Mausol\u00e9e : Installation fun\u00e9raire priv\u00e9e compos\u00e9e d\u2019enfeus ayant pour but d\u2019accueillir des cercueils contenant des corps humains. Exceptionnellement, des urnes contenant des cendres humaines peuvent y \u00eatre d\u00e9pos\u00e9es. L\u2019installation doit se situer sur un lot d\u00e9termin\u00e9 par la Fabrique. \u00a0<br \/>\u00a0<br \/>2.17 Monument : Ouvrage fun\u00e9raire pouvant \u00eatre install\u00e9 :\u00a0<br \/>\u2022 verticalement, incluant sa pierre d\u2019assise, sur la fondation du lot conc\u00e9d\u00e9 ;\u00a0<br \/>\u2022 au sol avec une plaque, aussi dit du type affleurant le sol, sans pierre d\u2019assise, sur le lot conc\u00e9d\u00e9 o\u00f9 le permet la Fabrique.\u00a0<br \/>\u00a0<br \/>2.18 Niche : Cavit\u00e9 au volume suffisant pour recevoir une ou deux urnes de grandeur standard contenant des cendres humaines. La cavit\u00e9 est ferm\u00e9e, en fa\u00e7ade, d\u2019une plaque de verre ou de granit. L\u2019ensemble des niches forment un columbarium.\u00a0<br \/>\u00a0<br \/>2.19 R\u00e8glement : R\u00e8glement sur les conditions de concession et d\u2019administration g\u00e9n\u00e9rale des cimeti\u00e8res de la Fabrique de la paroisse de Sainte-Doroth\u00e9e, Laval.\u00a0<br \/>\u00a0<br \/>2\u00a0<br \/>\u00a0<br \/>2.20 Terrain communautaire : Lots destin\u00e9s \u00e0 l\u2019inhumation de corps humains ou au d\u00e9p\u00f4t de cendres humaines sous terre, et ce, de fa\u00e7on anonyme puisqu\u2019il n\u2019y a aucun monument. Seul le Registre des s\u00e9pultures t\u00e9moigne de la pr\u00e9sence des occupants. \u00a0<br \/>\u00a0<br \/>2.21 Urne cin\u00e9raire ou fun\u00e9raire : Vase contenant les cendres d\u2019une personne suite au processus de cr\u00e9mation.\u00a0<br \/>\u00a0<\/p>\t\t\t\t\t\t\t\t<\/div>\n\t\t\t\t<\/div>\n\t\t\t\t<\/div>\n\t\t<div class=\"elementor-element elementor-element-51a2e2d e-con-full e-flex e-con e-child\" data-id=\"51a2e2d\" data-element_type=\"container\">\n\t\t\t\t<div class=\"elementor-element elementor-element-f429e45 elementor-widget elementor-widget-heading\" data-id=\"f429e45\" data-element_type=\"widget\" data-widget_type=\"heading.default\">\n\t\t\t\t<div class=\"elementor-widget-container\">\n\t\t\t\t\t<h2 class=\"elementor-heading-title elementor-size-default\">3 : SOUMISSION AU R\u00c8GLEMENT <\/h2>\t\t\t\t<\/div>\n\t\t\t\t<\/div>\n\t\t\t\t<\/div>\n\t\t<div class=\"elementor-element elementor-element-5a6b54e e-con-full e-flex e-con e-child\" data-id=\"5a6b54e\" data-element_type=\"container\">\n\t\t\t\t<div class=\"elementor-element elementor-element-f1c5189 elementor-widget elementor-widget-text-editor\" data-id=\"f1c5189\" data-element_type=\"widget\" data-widget_type=\"text-editor.default\">\n\t\t\t\t<div class=\"elementor-widget-container\">\n\t\t\t\t\t\t\t\t\t<p>3.01 Sous peine de nullit\u00e9 du Contrat de concession, tout concessionnaire est soumis au pr\u00e9sent R\u00e8glement et \u00e0 toutes ses modifications futures que la Fabrique peut, par r\u00e9solution, lui apporter. \u00a0<br \/>\u00a0<br \/>3.02 L\u2019acqu\u00e9reur du droit d\u2019usage d\u2019un lot au Jardin des cendres ou au Terrain communautaire, m\u00eame s\u2019il n\u2019est pas concessionnaire, est soumis au R\u00e8glement.\u00a0<br \/>\u00a0<br \/>3.03 Toutes personnes utilisant les services du cimeti\u00e8re ou circulant dans celui-ci sont soumises au R\u00e8glement.\u00a0<\/p>\t\t\t\t\t\t\t\t<\/div>\n\t\t\t\t<\/div>\n\t\t\t\t<\/div>\n\t\t<div class=\"elementor-element elementor-element-bd608ff e-con-full e-flex e-con e-child\" data-id=\"bd608ff\" data-element_type=\"container\">\n\t\t\t\t<div class=\"elementor-element elementor-element-0c33844 elementor-widget elementor-widget-heading\" data-id=\"0c33844\" data-element_type=\"widget\" data-widget_type=\"heading.default\">\n\t\t\t\t<div class=\"elementor-widget-container\">\n\t\t\t\t\t<h2 class=\"elementor-heading-title elementor-size-default\">4 : VISITES <\/h2>\t\t\t\t<\/div>\n\t\t\t\t<\/div>\n\t\t\t\t<\/div>\n\t\t<div class=\"elementor-element elementor-element-31ab8c4 e-con-full e-flex e-con e-child\" data-id=\"31ab8c4\" data-element_type=\"container\">\n\t\t\t\t<div class=\"elementor-element elementor-element-47f2590 elementor-widget elementor-widget-text-editor\" data-id=\"47f2590\" data-element_type=\"widget\" data-widget_type=\"text-editor.default\">\n\t\t\t\t<div class=\"elementor-widget-container\">\n\t\t\t\t\t\t\t\t\t<p>4.01 Les adultes ainsi que les enfants accompagn\u00e9s d\u2019adultes peuvent visiter le cimeti\u00e8re seulement aux jours et heures d\u2019ouverture d\u00e9termin\u00e9s par la Fabrique. En d\u2019autres temps, l\u2019acc\u00e8s y est interdit.\u00a0<br \/>\u00a0<br \/>4.02 Il est interdit, en tout temps, de s\u2019amuser ou de fl\u00e2ner dans le cimeti\u00e8re.\u00a0<br \/>\u00a0<br \/>4.03 Les animaux domestiques sont d\u00e9fendus sur le terrain du cimeti\u00e8re.\u00a0<\/p>\t\t\t\t\t\t\t\t<\/div>\n\t\t\t\t<\/div>\n\t\t\t\t<\/div>\n\t\t<div class=\"elementor-element elementor-element-118dc24 e-con-full e-flex e-con e-child\" data-id=\"118dc24\" data-element_type=\"container\">\n\t\t\t\t<div class=\"elementor-element elementor-element-3f443f5 elementor-widget elementor-widget-heading\" data-id=\"3f443f5\" data-element_type=\"widget\" data-widget_type=\"heading.default\">\n\t\t\t\t<div class=\"elementor-widget-container\">\n\t\t\t\t\t<h2 class=\"elementor-heading-title elementor-size-default\">5 : CIRCULATION<\/h2>\t\t\t\t<\/div>\n\t\t\t\t<\/div>\n\t\t\t\t<\/div>\n\t\t<div class=\"elementor-element elementor-element-8e70b14 e-con-full e-flex e-con e-child\" data-id=\"8e70b14\" data-element_type=\"container\">\n\t\t\t\t<div class=\"elementor-element elementor-element-93402eb elementor-widget elementor-widget-text-editor\" data-id=\"93402eb\" data-element_type=\"widget\" data-widget_type=\"text-editor.default\">\n\t\t\t\t<div class=\"elementor-widget-container\">\n\t\t\t\t\t\t\t\t\t<p>05.01 Ne sont admis dans le cimeti\u00e8re, durant les heures d\u2019ouverture, que les v\u00e9hicules circulant aux fins d\u2019inhumation et d\u00e9p\u00f4t, de visite au d\u00e9funt et d\u2019entretien du lieu.\u00a0<br \/>\u00a0<br \/>05.02 La vitesse maximale autoris\u00e9e dans les limites du cimeti\u00e8re est de 10 km\/h.\u00a0<\/p>\t\t\t\t\t\t\t\t<\/div>\n\t\t\t\t<\/div>\n\t\t\t\t<\/div>\n\t\t<div class=\"elementor-element elementor-element-7c8f96f e-con-full e-flex e-con e-child\" data-id=\"7c8f96f\" data-element_type=\"container\">\n\t\t\t\t<div class=\"elementor-element elementor-element-3e3d95e elementor-widget elementor-widget-heading\" data-id=\"3e3d95e\" data-element_type=\"widget\" data-widget_type=\"heading.default\">\n\t\t\t\t<div class=\"elementor-widget-container\">\n\t\t\t\t\t<h2 class=\"elementor-heading-title elementor-size-default\">6 : RESPECT ET BON ORDRE <\/h2>\t\t\t\t<\/div>\n\t\t\t\t<\/div>\n\t\t\t\t<\/div>\n\t\t<div class=\"elementor-element elementor-element-c0e7f02 e-con-full e-flex e-con e-child\" data-id=\"c0e7f02\" data-element_type=\"container\">\n\t\t\t\t<div class=\"elementor-element elementor-element-45edb65 elementor-widget elementor-widget-text-editor\" data-id=\"45edb65\" data-element_type=\"widget\" data-widget_type=\"text-editor.default\">\n\t\t\t\t<div class=\"elementor-widget-container\">\n\t\t\t\t\t\t\t\t\t<p>6.01 Toute personne qui p\u00e9n\u00e8tre dans le cimeti\u00e8re doit s\u2019y conduire avec respect et d\u00e9cence et ne rien faire qui puisse y troubler le bon ordre. \u00a0<br \/>\u00a0<br \/>6.02 Le vandalisme envers les lieux, les objets, les b\u00e2timents ou la v\u00e9g\u00e9tation situ\u00e9s \u00e0 l\u2019int\u00e9rieur des limites du cimeti\u00e8re est interdit. Il sera passible de poursuites.\u00a0<br \/>6.03 Le vandalisme comprend tous bris, modifications, inscriptions, ratures et effacements non autoris\u00e9s \u00e0 un monument.\u00a0<br \/>3\u00a0<\/p>\t\t\t\t\t\t\t\t<\/div>\n\t\t\t\t<\/div>\n\t\t\t\t<\/div>\n\t\t<div class=\"elementor-element elementor-element-7bd4656 e-con-full e-flex e-con e-child\" data-id=\"7bd4656\" data-element_type=\"container\">\n\t\t\t\t<div class=\"elementor-element elementor-element-8e5e69b elementor-widget elementor-widget-heading\" data-id=\"8e5e69b\" data-element_type=\"widget\" data-widget_type=\"heading.default\">\n\t\t\t\t<div class=\"elementor-widget-container\">\n\t\t\t\t\t<h2 class=\"elementor-heading-title elementor-size-default\">7 : OBJETS INCONVENANTS <\/h2>\t\t\t\t<\/div>\n\t\t\t\t<\/div>\n\t\t\t\t<\/div>\n\t\t<div class=\"elementor-element elementor-element-7ac6b6e e-con-full e-flex e-con e-child\" data-id=\"7ac6b6e\" data-element_type=\"container\">\n\t\t\t\t<div class=\"elementor-element elementor-element-8d5b177 elementor-widget elementor-widget-text-editor\" data-id=\"8d5b177\" data-element_type=\"widget\" data-widget_type=\"text-editor.default\">\n\t\t\t\t<div class=\"elementor-widget-container\">\n\t\t\t\t\t\t\t\t\t<p>7.01 La Fabrique se r\u00e9serve le droit de faire enlever du cimeti\u00e8re tous les graffitis, monuments, \u00e9pitaphes et autres objets inconvenants ou capables d\u2019offenser la pi\u00e9t\u00e9 chr\u00e9tienne, et ce, sans avis pr\u00e9alable. Les co\u00fbts encourus seront \u00e0 la charge du concessionnaire ou acqu\u00e9reur du droit d\u2019usage du lot concern\u00e9.\u00a0<\/p>\t\t\t\t\t\t\t\t<\/div>\n\t\t\t\t<\/div>\n\t\t\t\t<\/div>\n\t\t<div class=\"elementor-element elementor-element-d49ea6e e-con-full e-flex e-con e-child\" data-id=\"d49ea6e\" data-element_type=\"container\">\n\t\t\t\t<div class=\"elementor-element elementor-element-5ee1ebe elementor-widget elementor-widget-heading\" data-id=\"5ee1ebe\" data-element_type=\"widget\" data-widget_type=\"heading.default\">\n\t\t\t\t<div class=\"elementor-widget-container\">\n\t\t\t\t\t<h2 class=\"elementor-heading-title elementor-size-default\">Chapitre 2: Concessions <\/h2>\t\t\t\t<\/div>\n\t\t\t\t<\/div>\n\t\t\t\t<\/div>\n\t\t<div class=\"elementor-element elementor-element-e31ca9f e-con-full e-flex e-con e-child\" data-id=\"e31ca9f\" data-element_type=\"container\">\n\t\t\t\t<div class=\"elementor-element elementor-element-a84f916 elementor-widget elementor-widget-heading\" data-id=\"a84f916\" data-element_type=\"widget\" data-widget_type=\"heading.default\">\n\t\t\t\t<div class=\"elementor-widget-container\">\n\t\t\t\t\t<h2 class=\"elementor-heading-title elementor-size-default\">8 : CONDITIONS POUR \u00caTRE CONCESSIONNAIRE <\/h2>\t\t\t\t<\/div>\n\t\t\t\t<\/div>\n\t\t\t\t<\/div>\n\t\t<div class=\"elementor-element elementor-element-de2d8d3 e-con-full e-flex e-con e-child\" data-id=\"de2d8d3\" data-element_type=\"container\">\n\t\t\t\t<div class=\"elementor-element elementor-element-2e453c9 elementor-widget elementor-widget-text-editor\" data-id=\"2e453c9\" data-element_type=\"widget\" data-widget_type=\"text-editor.default\">\n\t\t\t\t<div class=\"elementor-widget-container\">\n\t\t\t\t\t\t\t\t\t<p>8.01 Peut \u00eatre concessionnaire et b\u00e9n\u00e9ficier du cimeti\u00e8re, toute personne physique \u00e9tant :\u00a0<br \/>\u00a0<br \/>\u2022 majeure et apte;\u00a0<br \/>\u00a0<br \/>Ou\u00a0<br \/>\u00a0<br \/>\u2022 repr\u00e9sent\u00e9e d\u00fbment et l\u00e9galement par une personne majeure et apte;\u00a0<br \/>\u00a0<br \/>Et\u00a0<br \/>\u00a0<br \/>\u2022 membre d\u2019une des d\u00e9nominations chr\u00e9tiennes reconnues par l\u2019Archev\u00eaque du dioc\u00e8se de Montr\u00e9al.\u00a0<br \/>\u00a0<br \/>8.02 Peut \u00eatre concessionnaire toute communaut\u00e9 religieuse ou organisme accept\u00e9 sp\u00e9cifiquement par la Fabrique.\u00a0<\/p>\t\t\t\t\t\t\t\t<\/div>\n\t\t\t\t<\/div>\n\t\t\t\t<\/div>\n\t\t<div class=\"elementor-element elementor-element-69903fb e-con-full e-flex e-con e-child\" data-id=\"69903fb\" data-element_type=\"container\">\n\t\t\t\t<div class=\"elementor-element elementor-element-a96d436 elementor-widget elementor-widget-heading\" data-id=\"a96d436\" data-element_type=\"widget\" data-widget_type=\"heading.default\">\n\t\t\t\t<div class=\"elementor-widget-container\">\n\t\t\t\t\t<h2 class=\"elementor-heading-title elementor-size-default\">9 : OBJET DU DROIT CONC\u00c9D\u00c9 <\/h2>\t\t\t\t<\/div>\n\t\t\t\t<\/div>\n\t\t\t\t<\/div>\n\t\t<div class=\"elementor-element elementor-element-c95986b e-con-full e-flex e-con e-child\" data-id=\"c95986b\" data-element_type=\"container\">\n\t\t\t\t<div class=\"elementor-element elementor-element-76c7af2 elementor-widget elementor-widget-text-editor\" data-id=\"76c7af2\" data-element_type=\"widget\" data-widget_type=\"text-editor.default\">\n\t\t\t\t<div class=\"elementor-widget-container\">\n\t\t\t\t\t\t\t\t\t<p>9.01 La concession d\u2019un emplacement fun\u00e9raire donne uniquement le droit \u00e0 son usage pour inhumer des corps humains ou d\u00e9poser des cendres humaines conform\u00e9ment \u00e0 ce R\u00e8glement et en aucun cas \u00e0 son droit de propri\u00e9t\u00e9.\u00a0<\/p>\t\t\t\t\t\t\t\t<\/div>\n\t\t\t\t<\/div>\n\t\t\t\t<\/div>\n\t\t<div class=\"elementor-element elementor-element-bc9f955 e-con-full e-flex e-con e-child\" data-id=\"bc9f955\" data-element_type=\"container\">\n\t\t\t\t<div class=\"elementor-element elementor-element-be57693 elementor-widget elementor-widget-heading\" data-id=\"be57693\" data-element_type=\"widget\" data-widget_type=\"heading.default\">\n\t\t\t\t<div class=\"elementor-widget-container\">\n\t\t\t\t\t<h2 class=\"elementor-heading-title elementor-size-default\">10 : B\u00c9N\u00c9FICIAIRES <\/h2>\t\t\t\t<\/div>\n\t\t\t\t<\/div>\n\t\t\t\t<\/div>\n\t\t<div class=\"elementor-element elementor-element-e9f0592 e-con-full e-flex e-con e-child\" data-id=\"e9f0592\" data-element_type=\"container\">\n\t\t\t\t<div class=\"elementor-element elementor-element-6bcac7f elementor-widget elementor-widget-text-editor\" data-id=\"6bcac7f\" data-element_type=\"widget\" data-widget_type=\"text-editor.default\">\n\t\t\t\t<div class=\"elementor-widget-container\">\n\t\t\t\t\t\t\t\t\t<p>10.01 Le droit \u00e0 l\u2019usage d\u2019un emplacement fun\u00e9raire, soumis \u00e0 une concession, \u00e9choit au concessionnaire et \u00e0 toutes personnes d\u00e9sign\u00e9es comme b\u00e9n\u00e9ficiaire par \u00a0<br \/>celui-ci.\u00a0<br \/>\u00a0<br \/>10.02 Le droit \u00e0 l\u2019usage d\u2019un emplacement fun\u00e9raire est conditionnel \u00e0 : \u00a0<br \/>\u2022 la capacit\u00e9 d\u2019accueil maximale de celui-ci;\u00a0<br \/>\u2022 au paiement de tous les arr\u00e9rages qui le gr\u00e8vent;\u00a0<br \/>\u2022 sa conformit\u00e9 au Contrat de concession.\u00a0<br \/>\u00a0<br \/>10.03 La d\u00e9signation de b\u00e9n\u00e9ficiaire s\u2019obtient par la signature du concessionnaire de l\u2019emplacement au document officiel de la Fabrique intitul\u00e9 Autorisation d\u2019inhumation ou de d\u00e9p\u00f4t et \u00e0 sa pr\u00e9sentation avant l\u2019ouverture de fosse ou de niche.\u00a0<br \/>4\u00a0<br \/>\u00a0<br \/>10.04 Un concessionnaire d\u00e9c\u00e9d\u00e9 poss\u00e8de par d\u00e9faut le b\u00e9n\u00e9fice d\u2019usage de son emplacement.\u00a0<\/p>\t\t\t\t\t\t\t\t<\/div>\n\t\t\t\t<\/div>\n\t\t\t\t<\/div>\n\t\t<div class=\"elementor-element elementor-element-d6302e1 e-con-full e-flex e-con e-child\" data-id=\"d6302e1\" data-element_type=\"container\">\n\t\t\t\t<div class=\"elementor-element elementor-element-8573088 elementor-widget elementor-widget-heading\" data-id=\"8573088\" data-element_type=\"widget\" data-widget_type=\"heading.default\">\n\t\t\t\t<div class=\"elementor-widget-container\">\n\t\t\t\t\t<h2 class=\"elementor-heading-title elementor-size-default\">11 : TRANSFERT DES DROITS <\/h2>\t\t\t\t<\/div>\n\t\t\t\t<\/div>\n\t\t\t\t<\/div>\n\t\t<div class=\"elementor-element elementor-element-65bfd7a e-con-full e-flex e-con e-child\" data-id=\"65bfd7a\" data-element_type=\"container\">\n\t\t\t\t<div class=\"elementor-element elementor-element-5bb1a99 elementor-widget elementor-widget-text-editor\" data-id=\"5bb1a99\" data-element_type=\"widget\" data-widget_type=\"text-editor.default\">\n\t\t\t\t<div class=\"elementor-widget-container\">\n\t\t\t\t\t\t\t\t\t<p>11.01 Une concession peut \u00eatre c\u00e9d\u00e9e par donation du vivant du concessionnaire ou par testament et par la r\u00e8gle juridique des ayants droit apr\u00e8s le d\u00e9c\u00e8s de celui-ci mais toujours par l\u2019interm\u00e9diaire et avec l\u2019acceptation de la Fabrique.\u00a0<br \/>\u00a0<br \/>11.02 Une concession ne peut, en aucun cas, \u00eatre vendue, lou\u00e9e ou autrement c\u00e9d\u00e9e, et ce, directement ou indirectement par le concessionnaire \u00e0 un acqu\u00e9reur.\u00a0<br \/>\u00a0<br \/>11.03 Le concessionnaire vivant ou d\u00e9c\u00e9d\u00e9, le successeur d\u00e9sign\u00e9 par le concessionnaire doit obligatoirement respecter les conditions pr\u00e9alables \u00e0 l\u2019obtention d\u2019une concession.\u00a0<br \/>\u00a0<br \/>11.04 La donation de la concession peut se faire \u00e0 un tiers ou \u00e0 la Fabrique selon certaines conditions et conform\u00e9ment \u00e0 ce R\u00e8glement.\u00a0<br \/>\u00a0<br \/>11.05 \u00c0 d\u00e9faut de la d\u00e9signation testamentaire d\u2019une seule personne \u00e0 titre de successeur de la concession par le concessionnaire d\u00e9c\u00e9d\u00e9, les l\u00e9gataires, h\u00e9ritiers ou ayants droit devront d\u00e9terminer d\u2019un commun accord, ladite unique personne. NB : Dans tous les paragraphes de ce R\u00e8glement, l\u2019\u00e9num\u00e9ration \u00ab les l\u00e9gataires, h\u00e9ritiers ou ayants droit \u00bb sous-entend une action de l\u2019un ou l\u2019autre groupe par ordre de pr\u00e9s\u00e9ance habituel d\u2019un testament. \u00a0<br \/>\u00a0<br \/>11.06 Les l\u00e9gataires, h\u00e9ritiers ou ayants droit doivent donner \u00e0 la Fabrique un avis de leur choix du successeur au concessionnaire d\u00e9c\u00e9d\u00e9 dans les quatre-vingt-dix (90) jours du d\u00e9c\u00e8s du concessionnaire. L\u2019avis doit \u00eatre pr\u00e9sent\u00e9 par \u00e9crit et doit comporter la signature de tous les l\u00e9gataires, h\u00e9ritiers ou ayants droit concern\u00e9s. L\u2019avis doit \u00eatre donn\u00e9 \u00e0 la Fabrique \u00e0 l\u2019aide du document officiel de celle-ci intitul\u00e9 Avis de transfert des droits de concession. Le tout est accompagn\u00e9 de la recherche testamentaire et du testament complet du d\u00e9funt. \u00c0 d\u00e9faut de pr\u00e9senter l\u2019avis dans les quatre-vingt-dix (90) jours du d\u00e9c\u00e8s du concessionnaire, la Fabrique pourra reprendre les droits associ\u00e9s \u00e0 ladite concession.\u00a0<br \/>\u00a0<br \/>11.07 Avant de confirmer le transfert des droits, la Fabrique exige le paiement de tous les arr\u00e9rages qui gr\u00e8vent l\u2019emplacement fun\u00e9raire. Elle peut aussi demander le paiement des frais d\u2019entretien relatifs \u00e0 la prochaine p\u00e9riode de dix (10) ans pr\u00e9vue au Contrat de concession.\u00a0<br \/>\u00a0<br \/>11.08 Si aucun Avis de transfert des droits de concession \u00e0 un successeur unique n\u2019est donn\u00e9 \u00e0 la Fabrique, les droits relatifs \u00e0 l\u2019emplacement fun\u00e9raire sont suspendus et aucun b\u00e9n\u00e9ficiaire n\u2019y est admis. Ce n\u2019est qu\u2019apr\u00e8s la r\u00e9ception du document et l\u2019acceptation par la Fabrique du successeur que les droits seront r\u00e9tablis. 5\u00a0<br \/>\u00a0<br \/>11.09 Un Contrat de concession pass\u00e9 avec la Fabrique lie tous les l\u00e9gataires, h\u00e9ritiers et ayants droit du concessionnaire d\u00e9c\u00e9d\u00e9. Dans le cas o\u00f9 ceux-ci d\u00e9cident qu\u2019il n\u2019y aura aucun successeur au concessionnaire d\u00e9c\u00e9d\u00e9, la Fabrique se r\u00e9serve le droit d\u2019exiger l\u2019acquittement des frais d\u2019entretien de l\u2019emplacement pour la p\u00e9riode qui reste \u00e0 courir au Contrat de concession.\u00a0<br \/>\u00a0<br \/>11.10 Dans tous les cas de transfert des droits d\u2019une concession, le successeur qui devient le nouveau concessionnaire doit signifier son acceptation des droits, privil\u00e8ges et obligations reli\u00e9s \u00e0 celle-ci en signant le document de la Fabrique intitul\u00e9 Acceptation d\u2019une donation.\u00a0<br \/>\u00a0<\/p>\t\t\t\t\t\t\t\t<\/div>\n\t\t\t\t<\/div>\n\t\t\t\t<\/div>\n\t\t<div class=\"elementor-element elementor-element-52d9f17 e-con-full e-flex e-con e-child\" data-id=\"52d9f17\" data-element_type=\"container\">\n\t\t\t\t<div class=\"elementor-element elementor-element-faa74c4 elementor-widget elementor-widget-heading\" data-id=\"faa74c4\" data-element_type=\"widget\" data-widget_type=\"heading.default\">\n\t\t\t\t<div class=\"elementor-widget-container\">\n\t\t\t\t\t<h2 class=\"elementor-heading-title elementor-size-default\">12 : CAS LITIGIEUX <\/h2>\t\t\t\t<\/div>\n\t\t\t\t<\/div>\n\t\t\t\t<\/div>\n\t\t<div class=\"elementor-element elementor-element-90339b1 e-con-full e-flex e-con e-child\" data-id=\"90339b1\" data-element_type=\"container\">\n\t\t\t\t<div class=\"elementor-element elementor-element-b46f8e0 elementor-widget elementor-widget-text-editor\" data-id=\"b46f8e0\" data-element_type=\"widget\" data-widget_type=\"text-editor.default\">\n\t\t\t\t<div class=\"elementor-widget-container\">\n\t\t\t\t\t\t\t\t\t<p>12.01 Quiconque pr\u00e9tend avoir acquis une concession par donation, testament ou autrement, doit en fournir la preuve documentaire juridique et pertinente \u00e0 la Fabrique.\u00a0<br \/>\u00a0<br \/>12.02 S\u2019il s\u2019\u00e9l\u00e8ve une quelconque difficult\u00e9 au sujet d\u2019une concession, le concessionnaire dont les droits sont contest\u00e9s ne peut exercer ceux-ci tant que le diff\u00e9rend n\u2019est pas r\u00e9gl\u00e9 \u00e0 l\u2019amiable avec le parti opposant ou jug\u00e9 par une autorit\u00e9 judiciaire.\u00a0<\/p>\t\t\t\t\t\t\t\t<\/div>\n\t\t\t\t<\/div>\n\t\t\t\t<\/div>\n\t\t<div class=\"elementor-element elementor-element-3003927 e-con-full e-flex e-con e-child\" data-id=\"3003927\" data-element_type=\"container\">\n\t\t\t\t<div class=\"elementor-element elementor-element-2033180 elementor-widget elementor-widget-heading\" data-id=\"2033180\" data-element_type=\"widget\" data-widget_type=\"heading.default\">\n\t\t\t\t<div class=\"elementor-widget-container\">\n\t\t\t\t\t<h2 class=\"elementor-heading-title elementor-size-default\">13 : CARACT\u00c9RISTIQUES DE LA CONCESSION <\/h2>\t\t\t\t<\/div>\n\t\t\t\t<\/div>\n\t\t\t\t<\/div>\n\t\t<div class=\"elementor-element elementor-element-8215f4c e-con-full e-flex e-con e-child\" data-id=\"8215f4c\" data-element_type=\"container\">\n\t\t\t\t<div class=\"elementor-element elementor-element-cad91c0 elementor-widget elementor-widget-text-editor\" data-id=\"cad91c0\" data-element_type=\"widget\" data-widget_type=\"text-editor.default\">\n\t\t\t\t<div class=\"elementor-widget-container\">\n\t\t\t\t\t\t\t\t\t<p>13.01 La concession doit \u00eatre d\u00e9tenue en tout temps par une seule personne physique, sous r\u00e9serve de celle consentie \u00e0 une communaut\u00e9 religieuse ou \u00e0 un organisme accept\u00e9 par la Fabrique.\u00a0<br \/>\u00a0<br \/>13.02 La concession est incessible. Elle ne peut \u00eatre c\u00e9d\u00e9e sauf dans les cas pr\u00e9vus au pr\u00e9sent R\u00e8glement.\u00a0<br \/>\u00a0<br \/>13.03 La Fabrique d\u00e9termine par r\u00e9solution les dimensions des diff\u00e9rents types d\u2019emplacement fun\u00e9raire.\u00a0<br \/>\u00a0<br \/>13.04 La Fabrique d\u00e9termine par r\u00e9solution la capacit\u00e9 d\u2019accueil, en cercueils et en urnes cin\u00e9raires, des diff\u00e9rents types d\u2019emplacement fun\u00e9raire.\u00a0<\/p>\t\t\t\t\t\t\t\t<\/div>\n\t\t\t\t<\/div>\n\t\t\t\t<\/div>\n\t\t<div class=\"elementor-element elementor-element-00cca03 e-con-full e-flex e-con e-child\" data-id=\"00cca03\" data-element_type=\"container\">\n\t\t\t\t<div class=\"elementor-element elementor-element-41c6040 elementor-widget elementor-widget-heading\" data-id=\"41c6040\" data-element_type=\"widget\" data-widget_type=\"heading.default\">\n\t\t\t\t<div class=\"elementor-widget-container\">\n\t\t\t\t\t<h2 class=\"elementor-heading-title elementor-size-default\">14 : DUR\u00c9E DE LA CONCESSION  <\/h2>\t\t\t\t<\/div>\n\t\t\t\t<\/div>\n\t\t\t\t<\/div>\n\t\t<div class=\"elementor-element elementor-element-15c4a3d e-con-full e-flex e-con e-child\" data-id=\"15c4a3d\" data-element_type=\"container\">\n\t\t\t\t<div class=\"elementor-element elementor-element-b2136ab elementor-widget elementor-widget-text-editor\" data-id=\"b2136ab\" data-element_type=\"widget\" data-widget_type=\"text-editor.default\">\n\t\t\t\t<div class=\"elementor-widget-container\">\n\t\t\t\t\t\t\t\t\t<p>14.01 La concession d\u2019un emplacement fun\u00e9raire est accord\u00e9e pour une dur\u00e9e n\u2019exc\u00e9dant pas cinquante (50) ans. La dur\u00e9e offerte est fix\u00e9e par r\u00e9solution de la Fabrique.\u00a0<br \/>\u00a0<br \/>14.02 Toutes autres dur\u00e9es accord\u00e9es par Contrat de concession, ant\u00e9rieurement \u00e0 ce R\u00e8glement, sont honor\u00e9es par la Fabrique en accord avec les lois civiles.\u00a0<br \/>\u00a0<br \/>14.03 Le concessionnaire voulant permettre l\u2019inhumation d\u2019un corps humain \u00e0 l\u2019int\u00e9rieur d\u2019un cercueil, simple ou double, non biod\u00e9gradable dans son lot, devra acquitter les frais additionnels exig\u00e9s par la Fabrique au moment de la pr\u00e9sentation du document Autorisation d\u2019inhumation ou de d\u00e9p\u00f4t. 6\u00a0<br \/>\u00a0<br \/>14.04 Le concessionnaire voulant installer un mausol\u00e9e, une tombe ou tous autres moyens d\u2019inhumation inhabituels sur ou dans son lot doit, au pr\u00e9alable, obtenir la permission \u00e9crite de la Fabrique et acquitter les frais additionnels exig\u00e9s par cette derni\u00e8re au moment de la pr\u00e9sentation de l\u2019acceptation.\u00a0<br \/>\u00a0<br \/>14.05 Le renouvellement du Contrat de concession par le concessionnaire, pour une p\u00e9riode n\u2019exc\u00e9dant pas cinquante (50) ans, peut \u00eatre fait aupr\u00e8s de la Fabrique au cours des cinq (5) derni\u00e8res ann\u00e9es dudit contrat. Un nouveau Contrat de concession prenant effet \u00e0 la fin du premier sera \u00e9mis. \u00a0<br \/>\u00a0<br \/>14.06 Le renouvellement d\u2019un Contrat de concession pour un emplacement fun\u00e9raire se fait en accord avec les termes et conditions en vigueur \u00e0 ce moment qui sont \u00e9tablis par la Fabrique.\u00a0<br \/>\u00a0<br \/>14.07 Le concessionnaire voit son Contrat de concession rester en vigueur en autant qu\u2019il ne soit en d\u00e9faut relativement au R\u00e8glement en vigueur et aux paiements du co\u00fbt des droits ou des frais de services inscrits au contrat.\u00a0<br \/>\u00a0<br \/>14.08 S\u2019il n\u2019y a pas de renouvellement au terme du Contrat de concession par le concessionnaire, les l\u00e9gataires, les h\u00e9ritiers ou les ayants droit, la concession prend fin de plein droit et la Fabrique obtient les droits de la concession apr\u00e8s avoir fait parvenir un avis \u00e9crit d\u2019\u00e9ch\u00e9ance au concessionnaire, ou aux l\u00e9gataires, h\u00e9ritiers ou ayants droit, \u00e0 sa derni\u00e8re adresse connue. Ce dernier disposera d\u2019un d\u00e9lai de quatre-vingt-dix (90) jours de l\u2019avis pour proc\u00e9der au renouvellement de son Contrat de s\u00e9pulture.\u00a0<\/p>\t\t\t\t\t\t\t\t<\/div>\n\t\t\t\t<\/div>\n\t\t\t\t<\/div>\n\t\t<div class=\"elementor-element elementor-element-2bfe0dc e-con-full e-flex e-con e-child\" data-id=\"2bfe0dc\" data-element_type=\"container\">\n\t\t\t\t<div class=\"elementor-element elementor-element-5c8e2fa elementor-widget elementor-widget-heading\" data-id=\"5c8e2fa\" data-element_type=\"widget\" data-widget_type=\"heading.default\">\n\t\t\t\t<div class=\"elementor-widget-container\">\n\t\t\t\t\t<h2 class=\"elementor-heading-title elementor-size-default\">Chapitre 3: Jardin des cendres et  \nTerrain communautaire <\/h2>\t\t\t\t<\/div>\n\t\t\t\t<\/div>\n\t\t\t\t<\/div>\n\t\t<div class=\"elementor-element elementor-element-d6c4911 e-con-full e-flex e-con e-child\" data-id=\"d6c4911\" data-element_type=\"container\">\n\t\t\t\t<div class=\"elementor-element elementor-element-e556638 elementor-widget elementor-widget-heading\" data-id=\"e556638\" data-element_type=\"widget\" data-widget_type=\"heading.default\">\n\t\t\t\t<div class=\"elementor-widget-container\">\n\t\t\t\t\t<h2 class=\"elementor-heading-title elementor-size-default\">15 : R\u00c8GLES DE FONCTIONNEMENT <\/h2>\t\t\t\t<\/div>\n\t\t\t\t<\/div>\n\t\t\t\t<\/div>\n\t\t<div class=\"elementor-element elementor-element-dbb09b3 e-con-full e-flex e-con e-child\" data-id=\"dbb09b3\" data-element_type=\"container\">\n\t\t\t\t<div class=\"elementor-element elementor-element-d8f7a19 elementor-widget elementor-widget-text-editor\" data-id=\"d8f7a19\" data-element_type=\"widget\" data-widget_type=\"text-editor.default\">\n\t\t\t\t<div class=\"elementor-widget-container\">\n\t\t\t\t\t\t\t\t\t<p>15.01 Les Jardin des cendres et Terrain communautaire ne n\u00e9cessitent pas une concession pour obtenir le droit d\u2019usage de ceux-ci.\u00a0<br \/>\u00a0<br \/>15.02 Peut \u00eatre acqu\u00e9reur du droit d\u2019usage d\u2019un lot au Jardin des cendres ou au Terrain communautaire:\u00a0<br \/>\u2022 toute personne majeure, apte et membre d\u2019une des d\u00e9nominations chr\u00e9tiennes reconnues par l\u2019Archev\u00eaque du dioc\u00e8se de Montr\u00e9al. \u00a0<br \/>\u2022 tout organisme gouvernemental charg\u00e9 d\u2019assurer l\u2019inhumation d\u2019un corps ou le d\u00e9p\u00f4t des cendres, non r\u00e9clam\u00e9, d\u2019une personne.\u00a0<br \/>\u00a0<br \/>7\u00a0<br \/>\u00a0<br \/>15.03 L\u2019acquittement de la facture relative \u00e0 un lot du Jardin des cendres ou du Terrain communautaire donne uniquement le droit \u00e0 son usage pour inhumer un corps humain ou d\u00e9poser des cendres humaines, sous terre, conform\u00e9ment \u00e0 ce R\u00e8glement et en aucun cas \u00e0 son droit de propri\u00e9t\u00e9.\u00a0<br \/>\u00a0<br \/>15.04 Le droit \u00e0 l\u2019usage d\u2019un lot non soumis \u00e0 une concession \u00e9choit \u00e0 toute personne vis\u00e9e par une demande d\u2019inhumation ou de d\u00e9p\u00f4t de la part d\u2019un acqu\u00e9reur du droit d\u2019usage.\u00a0<br \/>\u00a0<br \/>15.05 Le droit \u00e0 l\u2019usage d\u2019un lot au Jardin des cendres ou au Terrain communautaire, ne fait pas l\u2019objet d\u2019une concession et ne peut \u00eatre c\u00e9d\u00e9 \u00e0 un tiers. Il peut \u00eatre r\u00e9troc\u00e9d\u00e9 \u00e0 la Fabrique si le lot n\u2019a pas \u00e9t\u00e9 utilis\u00e9.\u00a0<br \/>\u00a0<br \/>15.06 Pour le Jardin des cendres, la Fabrique peut disposer \u00e0 sa guise dudit droit sans aucun pr\u00e9avis \u00e0 la fin de la p\u00e9riode de cinquante (50) ans.\u00a0<\/p>\t\t\t\t\t\t\t\t<\/div>\n\t\t\t\t<\/div>\n\t\t\t\t<\/div>\n\t\t<div class=\"elementor-element elementor-element-3627253 e-con-full e-flex e-con e-child\" data-id=\"3627253\" data-element_type=\"container\">\n\t\t\t\t<div class=\"elementor-element elementor-element-c638612 elementor-widget elementor-widget-heading\" data-id=\"c638612\" data-element_type=\"widget\" data-widget_type=\"heading.default\">\n\t\t\t\t<div class=\"elementor-widget-container\">\n\t\t\t\t\t<h2 class=\"elementor-heading-title elementor-size-default\">Chapitre 4: Tarifs<\/h2>\t\t\t\t<\/div>\n\t\t\t\t<\/div>\n\t\t\t\t<\/div>\n\t\t<div class=\"elementor-element elementor-element-0b5d241 e-con-full e-flex e-con e-child\" data-id=\"0b5d241\" data-element_type=\"container\">\n\t\t\t\t<div class=\"elementor-element elementor-element-7371b8a elementor-widget elementor-widget-heading\" data-id=\"7371b8a\" data-element_type=\"widget\" data-widget_type=\"heading.default\">\n\t\t\t\t<div class=\"elementor-widget-container\">\n\t\t\t\t\t<h2 class=\"elementor-heading-title elementor-size-default\">16 : FIXATION DES TARIFS <\/h2>\t\t\t\t<\/div>\n\t\t\t\t<\/div>\n\t\t\t\t<\/div>\n\t\t<div class=\"elementor-element elementor-element-77caa03 e-con-full e-flex e-con e-child\" data-id=\"77caa03\" data-element_type=\"container\">\n\t\t\t\t<div class=\"elementor-element elementor-element-53ad8e4 elementor-widget elementor-widget-text-editor\" data-id=\"53ad8e4\" data-element_type=\"widget\" data-widget_type=\"text-editor.default\">\n\t\t\t\t<div class=\"elementor-widget-container\">\n\t\t\t\t\t\t\t\t\t<p>16.01 La Fabrique fixe par r\u00e9solution le co\u00fbt des concessions des diff\u00e9rents types d\u2019emplacement fun\u00e9raire.\u00a0<br \/>\u00a0<br \/>16.02 La Fabrique fixe par r\u00e9solution les frais qu\u2019elle exige pour l\u2019usage du Jardin des cendres et du Terrain communautaire.\u00a0<br \/>\u00a0<br \/>16.03 La Fabrique fixe par r\u00e9solution les frais des biens et services qu\u2019elle offre au concessionnaire.\u00a0<br \/>\u00a0<br \/>16.04 La Fabrique peut modifier par r\u00e9solution, annuellement ou de temps \u00e0 autres, le co\u00fbt des concessions, les frais d\u2019usage de certains types de lot, les frais pour les biens et services qu\u2019elle offre.\u00a0<\/p>\t\t\t\t\t\t\t\t<\/div>\n\t\t\t\t<\/div>\n\t\t\t\t<\/div>\n\t\t<div class=\"elementor-element elementor-element-cdf7509 e-con-full e-flex e-con e-child\" data-id=\"cdf7509\" data-element_type=\"container\">\n\t\t\t\t<div class=\"elementor-element elementor-element-1272ff1 elementor-widget elementor-widget-heading\" data-id=\"1272ff1\" data-element_type=\"widget\" data-widget_type=\"heading.default\">\n\t\t\t\t<div class=\"elementor-widget-container\">\n\t\t\t\t\t<h2 class=\"elementor-heading-title elementor-size-default\">17 : ACQUITTEMENT DU CO\u00dbT ET DES FRAIS <\/h2>\t\t\t\t<\/div>\n\t\t\t\t<\/div>\n\t\t\t\t<\/div>\n\t\t<div class=\"elementor-element elementor-element-950b7f3 e-con-full e-flex e-con e-child\" data-id=\"950b7f3\" data-element_type=\"container\">\n\t\t\t\t<div class=\"elementor-element elementor-element-6cb2aa0 elementor-widget elementor-widget-text-editor\" data-id=\"6cb2aa0\" data-element_type=\"widget\" data-widget_type=\"text-editor.default\">\n\t\t\t\t<div class=\"elementor-widget-container\">\n\t\t\t\t\t\t\t\t\t<p>17.01 Aucune concession n\u2019est accord\u00e9e avant le paiement int\u00e9gral du co\u00fbt de la concession et des frais des biens et services inscrits au Contrat de concession.\u00a0<br \/>\u00a0<br \/>17.02 Pour tout emplacement fun\u00e9raire, tous les frais inh\u00e9rents doivent \u00eatre acquitt\u00e9s int\u00e9gralement avant de proc\u00e9der \u00e0 l\u2019inhumation d\u2019un corps humain ou le d\u00e9p\u00f4t des cendres humaines.\u00a0<br \/>\u00a0<br \/>17.03 Pour un emplacement fun\u00e9raire sujet \u00e0 une concession, tous les arr\u00e9rages de co\u00fbt de concession ou de frais de biens et services doivent \u00eatre acquitt\u00e9s int\u00e9gralement avant de proc\u00e9der \u00e0 l\u2019inhumation d\u2019un corps humain ou au d\u00e9p\u00f4t des cendres humaines. \u00a0<br \/>\u00a0<br \/>17.04 Aucun monument fun\u00e9raire ne peut \u00eatre install\u00e9 sur un lot avant le paiement int\u00e9gral du co\u00fbt de la concession et des frais des biens et services inscrits au Contrat de concession. 8\u00a0<br \/>\u00a0<br \/>\u00a0<br \/>17.05 La concession est r\u00e9sili\u00e9e lorsque le concessionnaire, alors qu\u2019il a \u00e9t\u00e9 mis en demeure, fait d\u00e9faut de payer enti\u00e8rement le prix de la concession selon les termes convenus au contrat de concession. \u00a0<br \/>\u00a0<br \/>17.06 La Fabrique peut reprendre toute concession dont le prix n\u2019est pas enti\u00e8rement acquitt\u00e9 suivant les termes du contrat et conserver la totalit\u00e9 des sommes per\u00e7ues \u00e0 titre de dommages liquid\u00e9s.\u00a0<br \/>\u00a0<\/p>\t\t\t\t\t\t\t\t<\/div>\n\t\t\t\t<\/div>\n\t\t\t\t<\/div>\n\t\t<div class=\"elementor-element elementor-element-2c860fa e-con-full e-flex e-con e-child\" data-id=\"2c860fa\" data-element_type=\"container\">\n\t\t\t\t<div class=\"elementor-element elementor-element-015d7e3 elementor-widget elementor-widget-heading\" data-id=\"015d7e3\" data-element_type=\"widget\" data-widget_type=\"heading.default\">\n\t\t\t\t<div class=\"elementor-widget-container\">\n\t\t\t\t\t<h2 class=\"elementor-heading-title elementor-size-default\">18 : DROIT DE REPRISE <\/h2>\t\t\t\t<\/div>\n\t\t\t\t<\/div>\n\t\t\t\t<\/div>\n\t\t<div class=\"elementor-element elementor-element-796008c e-con-full e-flex e-con e-child\" data-id=\"796008c\" data-element_type=\"container\">\n\t\t\t\t<div class=\"elementor-element elementor-element-0ae3bae elementor-widget elementor-widget-text-editor\" data-id=\"0ae3bae\" data-element_type=\"widget\" data-widget_type=\"text-editor.default\">\n\t\t\t\t<div class=\"elementor-widget-container\">\n\t\t\t\t\t\t\t\t\t<p>18.01 En vertu de la Loi sur les compagnies de cimeti\u00e8res catholiques romains, la Fabrique pourra demander \u00e0 la cour du Qu\u00e9bec d\u2019annuler une concession et de l\u2019autoriser \u00e0 reprendre les droits sur tout emplacement fun\u00e9raire abandonn\u00e9 depuis plus de trente (30) ans.\u00a0<br \/>\u00a0<br \/>18.02 Est pr\u00e9sum\u00e9 abandonn\u00e9, tout emplacement fun\u00e9raire dont le concessionnaire ou ses l\u00e9gataires, h\u00e9ritiers ou ayants droit ne se sont pas manifest\u00e9s depuis plus de trente (30) ans. \u00a0<br \/>\u00a0<br \/>18.03 La Fabrique reprendra, sans autres recours, un emplacement fun\u00e9raire, soumis \u00e0 une concession, apr\u00e8s :\u00a0<br \/>\u2022 avoir transmis sans r\u00e9sultat au dernier concessionnaire un avis \u00e9crit de quatre-vingt-dix (90) jours, exp\u00e9di\u00e9 \u00e0 la derni\u00e8re adresse connue, au moyen d\u2019une lettre recommand\u00e9e ou \u00e0 d\u00e9faut, par un avis dans le journal local et le semainier paroissial;\u00a0<br \/>\u00a0<br \/>\u2022 et avoir obtenu la permission de la cour du Qu\u00e9bec.\u00a0<br \/>\u00a0<br \/>18.04 Lors de la reprise d\u2019une concession, la Fabrique pourra disposer de toute mani\u00e8re qu\u2019elle jugera convenable des restes humains ou des cendres humaines qui pourraient s\u2019y trouver sous r\u00e9serve des droits des personnes d\u00e9j\u00e0 inhum\u00e9es selon les directives de la cour du Qu\u00e9bec.\u00a0<br \/>\u00a0<br \/>18.05 Dans le cas o\u00f9 la Fabrique reprend un lot conform\u00e9ment au pr\u00e9sent R\u00e8glement, tout monument qui y est \u00e9rig\u00e9 sera enlev\u00e9. Si le concessionnaire n\u2019enl\u00e8ve pas le monument dans les quatre-vingt-dix (90) jours de la fin de la concession, la Fabrique fera enlever le monument aux frais du concessionnaire.\u00a0<br \/>\u00a0<br \/>18.06 Dans ce cas, la Fabrique devient propri\u00e9taire du monument apr\u00e8s une p\u00e9riode de dix (10) ans et en dispose \u00e0 sa guise par la suite. La Fabrique n\u2019offre aucune garantie relative \u00e0 l\u2019\u00e9tat de conservation du monument durant cette p\u00e9riode.\u00a0<br \/>\u00a0<\/p>\t\t\t\t\t\t\t\t<\/div>\n\t\t\t\t<\/div>\n\t\t\t\t<\/div>\n\t\t<div class=\"elementor-element elementor-element-9117dbd e-con-full e-flex e-con e-child\" data-id=\"9117dbd\" data-element_type=\"container\">\n\t\t\t\t<div class=\"elementor-element elementor-element-046ea88 elementor-widget elementor-widget-heading\" data-id=\"046ea88\" data-element_type=\"widget\" data-widget_type=\"heading.default\">\n\t\t\t\t<div class=\"elementor-widget-container\">\n\t\t\t\t\t<h2 class=\"elementor-heading-title elementor-size-default\">Chapitre 5: Inhumations et exhumations<\/h2>\t\t\t\t<\/div>\n\t\t\t\t<\/div>\n\t\t\t\t<\/div>\n\t\t<div class=\"elementor-element elementor-element-6e35706 e-con-full e-flex e-con e-child\" data-id=\"6e35706\" data-element_type=\"container\">\n\t\t\t\t<div class=\"elementor-element elementor-element-1885f6c elementor-widget elementor-widget-heading\" data-id=\"1885f6c\" data-element_type=\"widget\" data-widget_type=\"heading.default\">\n\t\t\t\t<div class=\"elementor-widget-container\">\n\t\t\t\t\t<h2 class=\"elementor-heading-title elementor-size-default\">19 : INHUMATIONS ET EXHUMATIONS <\/h2>\t\t\t\t<\/div>\n\t\t\t\t<\/div>\n\t\t\t\t<\/div>\n\t\t<div class=\"elementor-element elementor-element-aaed4d1 e-con-full e-flex e-con e-child\" data-id=\"aaed4d1\" data-element_type=\"container\">\n\t\t\t\t<div class=\"elementor-element elementor-element-e44d367 elementor-widget elementor-widget-text-editor\" data-id=\"e44d367\" data-element_type=\"widget\" data-widget_type=\"text-editor.default\">\n\t\t\t\t<div class=\"elementor-widget-container\">\n\t\t\t\t\t\t\t\t\t<p>19.01 Aucune personne ne peut ni inhumer ou exhumer un corps humain ni d\u00e9poser ou retirer des cendres humaines, de tout emplacement fun\u00e9raire, telles op\u00e9rations \u00e9tant uniquement du ressort de la Fabrique et ex\u00e9cut\u00e9es selon les exigences des lois civiles et canoniques.\u00a0<br \/>\u00a0<br \/>19.02 L\u2019inhumation d\u2019un corps humain ou le d\u00e9p\u00f4t de cendres humaines dans les mausol\u00e9es ou tombes priv\u00e9s ne peut \u00eatre fait qu\u2019en la mani\u00e8re pr\u00e9vue \u00e0 la Loi sur les activit\u00e9s fun\u00e9raires et conform\u00e9ment aux dispositions \u00e9dict\u00e9es par la Fabrique. \u00a0<br \/>\u00a0<br \/>19.03 Il est interdit d\u2019ouvrir un cercueil \u00e0 l\u2019int\u00e9rieur des limites du cimeti\u00e8re, \u00e0 moins que ce ne soit fait par un repr\u00e9sentant d\u2019une maison fun\u00e9raire, avec la permission d&rsquo;une autorit\u00e9 eccl\u00e9siastique locale et conform\u00e9ment aux dispositions de la Loi sur les activit\u00e9s fun\u00e9raires.\u00a0<\/p>\t\t\t\t\t\t\t\t<\/div>\n\t\t\t\t<\/div>\n\t\t\t\t<\/div>\n\t\t<div class=\"elementor-element elementor-element-45149f4 e-con-full e-flex e-con e-child\" data-id=\"45149f4\" data-element_type=\"container\">\n\t\t\t\t<div class=\"elementor-element elementor-element-71b5321 elementor-widget elementor-widget-heading\" data-id=\"71b5321\" data-element_type=\"widget\" data-widget_type=\"heading.default\">\n\t\t\t\t<div class=\"elementor-widget-container\">\n\t\t\t\t\t<h2 class=\"elementor-heading-title elementor-size-default\">20 : INHUMATIONS, D\u00c9POTS <\/h2>\t\t\t\t<\/div>\n\t\t\t\t<\/div>\n\t\t\t\t<\/div>\n\t\t<div class=\"elementor-element elementor-element-4d9d5b6 e-con-full e-flex e-con e-child\" data-id=\"4d9d5b6\" data-element_type=\"container\">\n\t\t\t\t<div class=\"elementor-element elementor-element-4c932cd elementor-widget elementor-widget-text-editor\" data-id=\"4c932cd\" data-element_type=\"widget\" data-widget_type=\"text-editor.default\">\n\t\t\t\t<div class=\"elementor-widget-container\">\n\t\t\t\t\t\t\t\t\t<p>20.01 La Fabrique fixe par r\u00e9solution les jours, les heures et les p\u00e9riodes de l\u2019ann\u00e9e o\u00f9 l\u2019on peut proc\u00e9der aux inhumations et d\u00e9p\u00f4ts dans le cimeti\u00e8re.\u00a0<\/p><p>20.02 Toute demande d\u2019inhumation d\u2019un corps humain ou de d\u00e9p\u00f4t de cendres humaines doit \u00eatre faite \u00e0 la Fabrique au moins deux jours francs avant l\u2019\u00e9v\u00e8nement fun\u00e9raire, et ce, du lundi au vendredi inclusivement.\u00a0<\/p><p>20.03 Lors des pr\u00e9paratifs \u00e0 une inhumation ou un d\u00e9p\u00f4t, la personne appel\u00e9e \u00e0 faire les arrangements n\u00e9cessaires doit :\u00a0<br \/>\u2022 communiquer d\u00e8s que possible avec la Fabrique pour obtenir une date d\u2019\u00e9v\u00e8nement fun\u00e9raire;\u00a0<br \/>\u2022 et se pr\u00e9senter au bureau de la Fabrique ou contacter par t\u00e9l\u00e9phone ou courriel la Fabrique pour finaliser les arrangements et acquitter les frais.\u00a0<\/p><p>20.04 La personne appel\u00e9e \u00e0 faire les arrangements doit obtenir la permission du concessionnaire de l\u2019emplacement fun\u00e9raire pour l\u2019inhumation d\u2019un corps humain ou le d\u00e9p\u00f4t de cendres humaines. Cette permission s\u2019obtient par la signature du concessionnaire au document Autorisation d\u2019inhumation ou de d\u00e9p\u00f4t. Ledit document doit \u00eatre pr\u00e9sent\u00e9 \u00e0 la Fabrique au moins deux jours francs et ouvrables avant l\u2019\u00e9v\u00e8nement fun\u00e9raire.\u00a0<\/p><p>20.05 Si l\u2019\u00e9v\u00e8nement fun\u00e9raire concerne le concessionnaire d\u00e9c\u00e9d\u00e9 dudit emplacement fun\u00e9raire, aucune Autorisation d\u2019inhumation ou de d\u00e9p\u00f4t n\u2019est n\u00e9cessaire.\u00a0\u00a0<\/p><p>20.06 La Fabrique, \u00e0 l\u2019aide de l\u2019Autorisation d\u2019inhumation ou de d\u00e9p\u00f4t et des papiers officiels provenant du salon fun\u00e9raire, r\u00e9dige le Registre de s\u00e9pulture.\u00a0<\/p><p>20.07 Lors de la demande d\u2019inhumation d\u2019un corps humain ou du d\u00e9p\u00f4t des cendres humaines, le concessionnaire peut indiquer le positionnement souhait\u00e9 du cercueil ou de l\u2019urne cin\u00e9raire dans le lot. La Fabrique prendra en consid\u00e9ration l\u2019indication du concessionnaire mais n\u2019y sera nullement tenue.\u00a0<\/p><p>20.08 En aucun cas, les cendres d\u2019une m\u00eame personne seront d\u00e9pos\u00e9es en plus d\u2019un endroit dans les cimeti\u00e8res sous la responsabilit\u00e9 de la Fabrique.\u00a0<\/p><p>20.09 En tout temps, les cendres d\u2019une personne d\u00e9pos\u00e9es en terre ou en niche doivent \u00eatre contenues dans une urne.\u00a0<\/p>\t\t\t\t\t\t\t\t<\/div>\n\t\t\t\t<\/div>\n\t\t\t\t<\/div>\n\t\t<div class=\"elementor-element elementor-element-02cb61c e-con-full e-flex e-con e-child\" data-id=\"02cb61c\" data-element_type=\"container\">\n\t\t\t\t<div class=\"elementor-element elementor-element-9b395bb elementor-widget elementor-widget-heading\" data-id=\"9b395bb\" data-element_type=\"widget\" data-widget_type=\"heading.default\">\n\t\t\t\t<div class=\"elementor-widget-container\">\n\t\t\t\t\t<h2 class=\"elementor-heading-title elementor-size-default\">21 : EXHUMATIONS, RETRAITS<\/h2>\t\t\t\t<\/div>\n\t\t\t\t<\/div>\n\t\t\t\t<\/div>\n\t\t<div class=\"elementor-element elementor-element-0751c69 e-con-full e-flex e-con e-child\" data-id=\"0751c69\" data-element_type=\"container\">\n\t\t\t\t<div class=\"elementor-element elementor-element-eb8829a elementor-widget elementor-widget-text-editor\" data-id=\"eb8829a\" data-element_type=\"widget\" data-widget_type=\"text-editor.default\">\n\t\t\t\t<div class=\"elementor-widget-container\">\n\t\t\t\t\t\t\t\t\t<p>21.01 Aucune demande d\u2019exhumation ne sera accept\u00e9e par la Fabrique sans la production des autorisations \u00e9crites requises suivant les dispositions de la Loi canonique et les Loi et R\u00e8glement sur les activit\u00e9s fun\u00e9raires, entre autres la Section V intitul\u00e9e Inhumation et exhumation de cadavres (R.L.R.Q., Chap. A-5.02).\u00a0<br \/>\u00a0<br \/>21.02 Aucun retrait d\u2019urne cin\u00e9raire ou de cendres humaines d\u2019un emplacement fun\u00e9raire ne peut \u00eatre fait sans les autorisations \u00e9crites du concessionnaire, de la Fabrique et de l\u2019Archev\u00eaque du dioc\u00e8se de Montr\u00e9al. La Fabrique est responsable du retrait des urnes cin\u00e9raires et des cendres humaines.\u00a0<\/p>\t\t\t\t\t\t\t\t<\/div>\n\t\t\t\t<\/div>\n\t\t\t\t<\/div>\n\t\t<div class=\"elementor-element elementor-element-fa04c37 e-con-full e-flex e-con e-child\" data-id=\"fa04c37\" data-element_type=\"container\">\n\t\t\t\t<div class=\"elementor-element elementor-element-cf7b239 elementor-widget elementor-widget-heading\" data-id=\"cf7b239\" data-element_type=\"widget\" data-widget_type=\"heading.default\">\n\t\t\t\t<div class=\"elementor-widget-container\">\n\t\t\t\t\t<h2 class=\"elementor-heading-title elementor-size-default\">Chapitre 6: Entretien <\/h2>\t\t\t\t<\/div>\n\t\t\t\t<\/div>\n\t\t\t\t<\/div>\n\t\t<div class=\"elementor-element elementor-element-86bd05c e-con-full e-flex e-con e-child\" data-id=\"86bd05c\" data-element_type=\"container\">\n\t\t\t\t<div class=\"elementor-element elementor-element-7931a45 elementor-widget elementor-widget-heading\" data-id=\"7931a45\" data-element_type=\"widget\" data-widget_type=\"heading.default\">\n\t\t\t\t<div class=\"elementor-widget-container\">\n\t\t\t\t\t<h2 class=\"elementor-heading-title elementor-size-default\">22 : ENTRETIEN \n<\/h2>\t\t\t\t<\/div>\n\t\t\t\t<\/div>\n\t\t\t\t<\/div>\n\t\t<div class=\"elementor-element elementor-element-ed0b241 e-con-full e-flex e-con e-child\" data-id=\"ed0b241\" data-element_type=\"container\">\n\t\t\t\t<div class=\"elementor-element elementor-element-94a3b8c elementor-widget elementor-widget-text-editor\" data-id=\"94a3b8c\" data-element_type=\"widget\" data-widget_type=\"text-editor.default\">\n\t\t\t\t<div class=\"elementor-widget-container\">\n\t\t\t\t\t\t\t\t\t<p>22.01 La Fabrique entretient elle-m\u00eame tous les emplacements fun\u00e9raires moyennant une somme d\u00e9termin\u00e9e par celle-ci et payable par le concessionnaire.&nbsp;<\/p>\n<p>22.02 Pour les lots, les frais d\u2019entretien sont payables de dix (10) ans en dix (10) ans jusqu\u2019\u00e0 l\u2019\u00e9ch\u00e9ance de la concession.&nbsp;<\/p>\n<p>22.03 Les frais d\u2019entretien, pour la premi\u00e8re p\u00e9riode de dix (10) ans, s\u2019ajoutent au co\u00fbt d\u2019acquisition d\u2019une concession et aux frais de fondation et sont payables \u00e0 la signature du Contrat de concession. &nbsp;<\/p>\n<p>22.04 La facture des frais d\u2019entretien des lots pour chaque p\u00e9riode subs\u00e9quente est transmise durant la derni\u00e8re ann\u00e9e de la p\u00e9riode en cours. La facture est payable sur r\u00e9ception.&nbsp;<\/p>\n<p>22.05 Les frais d\u2019entretien acquitt\u00e9s enti\u00e8rement ne sont pas touch\u00e9s par les r\u00e9visions ult\u00e9rieures de ceux-ci durant ladite p\u00e9riode de dix (10) ans.&nbsp;&nbsp;<\/p>\n<p>22.06 Dans le cas de non-paiement d\u2019une facture, un avis final par courrier recommand\u00e9 sera transmis \u00e0 la derni\u00e8re adresse connue du concessionnaire. Si dans les quatre-vingt-dix (90) jours de l\u2019envoi dudit avis la facture n\u2019a pas \u00e9t\u00e9 acquitt\u00e9e, la Fabrique pourra exercer son droit de reprise de la concession en demandant \u00e0 la cour du Qu\u00e9bec de l\u2019autoriser \u00e0 le faire.&nbsp;<\/p>\n<p>22.07 Les frais d\u2019entretien des niches et du Jardin des cendres sont payables pour la p\u00e9riode totale de cinquante (50) ans \u00e0 la signature du Contrat de concession ou de la r\u00e9ception de la facture selon le cas.&nbsp;<\/p>\n<p>22.08 La Fabrique n\u2019offre plus \u00ab l\u2019entretien \u00e0 perp\u00e9tuit\u00e9 \u00bb des lots; cependant, elle continuera l\u2019entretien des lots d\u00e9j\u00e0 vendus sous cette condition. &nbsp;<\/p>\t\t\t\t\t\t\t\t<\/div>\n\t\t\t\t<\/div>\n\t\t\t\t<\/div>\n\t\t<div class=\"elementor-element elementor-element-51d67a8 e-con-full e-flex e-con e-child\" data-id=\"51d67a8\" data-element_type=\"container\">\n\t\t\t\t<div class=\"elementor-element elementor-element-7bd636e elementor-widget elementor-widget-heading\" data-id=\"7bd636e\" data-element_type=\"widget\" data-widget_type=\"heading.default\">\n\t\t\t\t<div class=\"elementor-widget-container\">\n\t\t\t\t\t<h2 class=\"elementor-heading-title elementor-size-default\">Chapitre 7: Fondations et monuments <\/h2>\t\t\t\t<\/div>\n\t\t\t\t<\/div>\n\t\t\t\t<\/div>\n\t\t<div class=\"elementor-element elementor-element-6fe2fb9 e-con-full e-flex e-con e-child\" data-id=\"6fe2fb9\" data-element_type=\"container\">\n\t\t\t\t<div class=\"elementor-element elementor-element-f91bac8 elementor-widget elementor-widget-heading\" data-id=\"f91bac8\" data-element_type=\"widget\" data-widget_type=\"heading.default\">\n\t\t\t\t<div class=\"elementor-widget-container\">\n\t\t\t\t\t<h2 class=\"elementor-heading-title elementor-size-default\">23 : FONDATIONS <\/h2>\t\t\t\t<\/div>\n\t\t\t\t<\/div>\n\t\t\t\t<\/div>\n\t\t<div class=\"elementor-element elementor-element-93435ff e-con-full e-flex e-con e-child\" data-id=\"93435ff\" data-element_type=\"container\">\n\t\t\t\t<div class=\"elementor-element elementor-element-e5fee96 elementor-widget elementor-widget-text-editor\" data-id=\"e5fee96\" data-element_type=\"widget\" data-widget_type=\"text-editor.default\">\n\t\t\t\t<div class=\"elementor-widget-container\">\n\t\t\t\t\t\t\t\t\t<p>23.01 Tous les monuments verticaux, doivent \u00eatre install\u00e9s sur une fondation de b\u00e9ton. Seule la Fabrique peut, aux frais du concessionnaire et selon le tarif en vigueur, faire l\u2019installation des fondations.\u00a0<br \/>\u00a0<br \/>23.02 Sur les lots mesurant trois (3) pieds par dix (10) pieds et plus grands, les monuments doivent obligatoirement \u00eatre install\u00e9s \u00e0 la verticale. Aucun monument install\u00e9 au sol ne sera accept\u00e9.\u00a0<br \/>\u00a0<br \/>23.03 Sur les lots plus petits que trois (3) pieds par dix (10) pieds et o\u00f9 la Fabrique le permet, les monuments devront \u00eatre au sol.\u00a0<\/p>\t\t\t\t\t\t\t\t<\/div>\n\t\t\t\t<\/div>\n\t\t\t\t<\/div>\n\t\t<div class=\"elementor-element elementor-element-122f0f2 e-con-full e-flex e-con e-child\" data-id=\"122f0f2\" data-element_type=\"container\">\n\t\t\t\t<div class=\"elementor-element elementor-element-589edf8 elementor-widget elementor-widget-heading\" data-id=\"589edf8\" data-element_type=\"widget\" data-widget_type=\"heading.default\">\n\t\t\t\t<div class=\"elementor-widget-container\">\n\t\t\t\t\t<h2 class=\"elementor-heading-title elementor-size-default\">24 : MONUMENTS <\/h2>\t\t\t\t<\/div>\n\t\t\t\t<\/div>\n\t\t\t\t<\/div>\n\t\t<div class=\"elementor-element elementor-element-13d0ba5 e-con-full e-flex e-con e-child\" data-id=\"13d0ba5\" data-element_type=\"container\">\n\t\t\t\t<div class=\"elementor-element elementor-element-d45e1a9 elementor-widget elementor-widget-text-editor\" data-id=\"d45e1a9\" data-element_type=\"widget\" data-widget_type=\"text-editor.default\">\n\t\t\t\t<div class=\"elementor-widget-container\">\n\t\t\t\t\t\t\t\t\t<p>24.01 Aucun monument ne peut \u00eatre install\u00e9 ou enlev\u00e9 avant que la Fabrique n\u2019ait \u00e9mis une autorisation \u00e9crite \u00e0 cet effet.\u00a0<\/p><p>24.02 Tout dommage caus\u00e9 par les travaux d\u2019installation, d\u2019entretien, d\u2019enl\u00e8vement du monument ou autre, sera \u00e0 la charge du concessionnaire. \u00a0<\/p><p>24.03 Tout dessin autre que religieux apparaissant sur un monument doit \u00eatre approuv\u00e9 pr\u00e9alablement par la Fabrique.\u00a0<\/p><p>24.04 Tous les dessins ou inscriptions doivent \u00eatre faits seulement sur la face avant du monument. \u00a0<\/p><p>24.05 Un seul monument peut \u00eatre install\u00e9, et ce de fa\u00e7on centr\u00e9e, par lot ou par subdivision de lot, ces derni\u00e8res ayant trois pieds de largeur.\u00a0<\/p><p>24.06 Lorsqu\u2019un concessionnaire d\u00e9tient les droits d\u2019inhumation ou de d\u00e9p\u00f4t sur plusieurs lots contigus et parall\u00e8les, il peut installer un monument centr\u00e9 sur la ligne m\u00e9diane de ceux-ci.\u00a0<\/p><p>24.07 Un monument ne peut \u00eatre que de granit ou de bronze.\u00a0<\/p><p>24.08 L\u2019installation d\u2019un monument, incluant sa pierre d\u2019assise s\u2019il y a lieu, pouvant contenir des cendres humaines est interdite.\u00a0<\/p><p>24.09 La hauteur maximale d\u2019un monument vertical, incluant sa pierre d\u2019assise, est limit\u00e9e \u00e0 :\u00a0<br \/>\u2022 quarante-huit (48) pouces pour les lots de trois (3) pieds de largeur.\u00a0<br \/>\u2022 soixante (60) pouces pour un ensemble de lots de six (6) pieds et plus de largeur.\u00a0<\/p><p>24.10 Le monument aura le num\u00e9ro de lot, sur lequel il est install\u00e9, grav\u00e9 au coin inf\u00e9rieur droit sur sa fa\u00e7ade avant.\u00a0<\/p><p>24.11 La pierre d\u2019assise, situ\u00e9e entre la fondation et le monument, doit avoir une section exacte de douze (12) pouces par douze (12) pouces.\u00a0<\/p><p>24.12 La pierre d\u2019assise laissera un d\u00e9gagement minimum de deux (2) pouces \u00e0 chacune de ses extr\u00e9mit\u00e9s par rapport \u00e0 la largeur du lot. La m\u00eame r\u00e8gle de longueur de la pierre\u00a0<br \/>d\u2019assise s\u2019applique \u00e0 un ensemble de lots contigus et parall\u00e8les dont les droits sont d\u00e9tenus par un m\u00eame concessionnaire.\u00a0<\/p><p>24.13 Le nom du fabricant du monument peut \u00eatre inscrit seulement en fa\u00e7ade avant, en bas \u00e0 gauche de l\u2019ouvrage fun\u00e9raire et ne couvrir que quatre (4) pouces par un (1) pouce.\u00a0<\/p><p>24.14 Le concessionnaire demeure responsable en tout temps de tout dommage caus\u00e9 \u00e0 son monument.\u00a0<\/p><p>24.15 La Fabrique ne saurait \u00eatre, en aucun cas, responsable des bris et dommages caus\u00e9s \u00e0 un monument sauf si ceux-ci sont imput\u00e9s \u00e0 un de ses employ\u00e9s dans l\u2019exercice de ses fonctions.\u00a0<\/p><p>24.16 Le concessionnaire doit maintenir, en tout temps, son monument en bon \u00e9tat.\u00a0<\/p><p>24.17 Le concessionnaire devra effectuer toutes les r\u00e9parations \u00e0 son monument qui lui seront demand\u00e9es par la Fabrique dans un d\u00e9lai de trente (30) jours de la r\u00e9ception d\u2019un avis \u00e0 cet effet. \u00c0 d\u00e9faut, la Fabrique pourra ex\u00e9cuter ou faire ex\u00e9cuter les travaux jug\u00e9s n\u00e9cessaires aux frais du concessionnaire.\u00a0<\/p><p>24.18 La Fabrique peut faire enlever du cimeti\u00e8re tous les monuments qu\u2019elle juge trop d\u00e9t\u00e9rior\u00e9s et ce apr\u00e8s avoir donn\u00e9 un avis de trente (30) jours exp\u00e9di\u00e9 \u00e0 la derni\u00e8re adresse connue du concessionnaire.\u00a0<\/p>\t\t\t\t\t\t\t\t<\/div>\n\t\t\t\t<\/div>\n\t\t\t\t<\/div>\n\t\t<div class=\"elementor-element elementor-element-425ca4f e-con-full e-flex e-con e-child\" data-id=\"425ca4f\" data-element_type=\"container\">\n\t\t\t\t<div class=\"elementor-element elementor-element-73b3d06 elementor-widget elementor-widget-heading\" data-id=\"73b3d06\" data-element_type=\"widget\" data-widget_type=\"heading.default\">\n\t\t\t\t<div class=\"elementor-widget-container\">\n\t\t\t\t\t<h2 class=\"elementor-heading-title elementor-size-default\">Chapitre 7: D\u00e9corations<\/h2>\t\t\t\t<\/div>\n\t\t\t\t<\/div>\n\t\t\t\t<\/div>\n\t\t<div class=\"elementor-element elementor-element-302a66d e-con-full e-flex e-con e-child\" data-id=\"302a66d\" data-element_type=\"container\">\n\t\t\t\t<div class=\"elementor-element elementor-element-1bb951d elementor-widget elementor-widget-heading\" data-id=\"1bb951d\" data-element_type=\"widget\" data-widget_type=\"heading.default\">\n\t\t\t\t<div class=\"elementor-widget-container\">\n\t\t\t\t\t<h2 class=\"elementor-heading-title elementor-size-default\">25 : D\u00c9CORATIONS DES LOTS <\/h2>\t\t\t\t<\/div>\n\t\t\t\t<\/div>\n\t\t\t\t<\/div>\n\t\t<div class=\"elementor-element elementor-element-1fa3c5f e-con-full e-flex e-con e-child\" data-id=\"1fa3c5f\" data-element_type=\"container\">\n\t\t\t\t<div class=\"elementor-element elementor-element-950b388 elementor-widget elementor-widget-text-editor\" data-id=\"950b388\" data-element_type=\"widget\" data-widget_type=\"text-editor.default\">\n\t\t\t\t<div class=\"elementor-widget-container\">\n\t\t\t\t\t\t\t\t\t<p>25.01 Seuls les lots ayant une fondation sur\u00e9lev\u00e9e par rapport au sol peuvent recevoir une bande de douze (12) pouces de largeur de fleurs naturelles et annuelles, en terre, le long de ladite fondation. Toutes les fleurs en contenant laiss\u00e9es sur le sol ainsi que toutes fleurs synth\u00e9tiques seront enlev\u00e9es sans pr\u00e9avis.\u00a0<br \/>\u00a0<br \/>25.02 Les fleurs en bon \u00e9tat et en panier fix\u00e9es solidement \u00e0 l\u2019aide d\u2019un support appropri\u00e9 \u00e0 un monument vertical seront accept\u00e9es.\u00a0<br \/>\u00a0<br \/>25.03 Aucune fleur ou d\u00e9coration que ce soit ne peut \u00eatre pos\u00e9e sur les lots situ\u00e9s dans les sections All\u00e9e des cendres et Jardin des cendres ainsi que sur ceux ayant un suffixe \u00ab -A \u00bb \u00e0 la fin de leur num\u00e9ro d\u2019emplacement.\u00a0<br \/>\u00a0<br \/>25.04 Aucun arbre ou arbrisseau ne peut \u00eatre plant\u00e9 sur un lot.\u00a0<br \/>\u00a0<br \/>25.05 La Fabrique peut couper ou enlever, sans pr\u00e9avis, toute v\u00e9g\u00e9tation, notamment les fleurs et les arbustes, se trouvant dans un endroit non autoris\u00e9 ou dont l\u2019ampleur serait excessive. Il en va de m\u00eame pour la v\u00e9g\u00e9tation dont l\u2019apparence laisse \u00e0 d\u00e9sirer.\u00a0<br \/>\u00a0<br \/>25.06 Les cl\u00f4tures, bornes, murets, cha\u00eenes, pierres et autres entourages de toutes sortes sont prohib\u00e9s sur toute l\u2019\u00e9tendue du cimeti\u00e8re. Ces installations seront enlev\u00e9es par la Fabrique sans avis ou autre formalit\u00e9.\u00a0<br \/>\u00a0<br \/>25.07 Il est d\u00e9fendu de rehausser le sol sur un lot ou une partie de lot.\u00a0<br \/>\u00a0<br \/>25.08 Une seule lanterne peut \u00eatre install\u00e9e sur la pierre d\u2019assise d\u2019un monument. S\u2019il est d\u00e9sir\u00e9 d\u2019orner ce dernier d\u2019un lampion, il devra \u00eatre contenu enti\u00e8rement dans la lanterne. \u00a0<br \/>\u00a0<br \/>25.09 Toute lanterne, avec ou sans lampion, doit \u00eatre achet\u00e9e d\u2019un commer\u00e7ant en monument fun\u00e9raire et install\u00e9e par lui. Les autres seront enlev\u00e9es sans pr\u00e9avis.\u00a0<\/p>\t\t\t\t\t\t\t\t<\/div>\n\t\t\t\t<\/div>\n\t\t\t\t<\/div>\n\t\t<div class=\"elementor-element elementor-element-8432f03 e-con-full e-flex e-con e-child\" data-id=\"8432f03\" data-element_type=\"container\">\n\t\t\t\t<div class=\"elementor-element elementor-element-6aa3845 elementor-widget elementor-widget-heading\" data-id=\"6aa3845\" data-element_type=\"widget\" data-widget_type=\"heading.default\">\n\t\t\t\t<div class=\"elementor-widget-container\">\n\t\t\t\t\t<h2 class=\"elementor-heading-title elementor-size-default\">26 : URNES CIN\u00c9RAIRES ET NICHES <\/h2>\t\t\t\t<\/div>\n\t\t\t\t<\/div>\n\t\t\t\t<\/div>\n\t\t<div class=\"elementor-element elementor-element-7c5c52a e-con-full e-flex e-con e-child\" data-id=\"7c5c52a\" data-element_type=\"container\">\n\t\t\t\t<div class=\"elementor-element elementor-element-5256763 elementor-widget elementor-widget-text-editor\" data-id=\"5256763\" data-element_type=\"widget\" data-widget_type=\"text-editor.default\">\n\t\t\t\t<div class=\"elementor-widget-container\">\n\t\t\t\t\t\t\t\t\t<p>26.01 Les niches ayant une fa\u00e7ade vitr\u00e9e peuvent seulement accueillir une urne cin\u00e9raire et une photo pour chacun des d\u00e9funts.\u00a0<br \/>\u00a0<br \/>26.02 Les urnes cin\u00e9raires dans les niches avec fa\u00e7ade vitr\u00e9e seront fabriqu\u00e9es d\u2019un mat\u00e9riau noble, soit en bois, pierre, marbre, alb\u00e2tre, bronze ou c\u00e9ramique. Elles doivent avoir une fermeture herm\u00e9tique. \u00a0<br \/>\u00a0<br \/>\u00a0<br \/>14\u00a0<br \/>26.03 Les urnes cin\u00e9raires dans les niches avec fa\u00e7ade vitr\u00e9e seront grav\u00e9es des : pr\u00e9nom, nom, ann\u00e9es de naissance et de d\u00e9c\u00e8s de la personne dont les cendres y sont contenues.\u00a0<br \/>\u00a0<br \/>26.04 Les niches ayant une fa\u00e7ade de granit peuvent seulement accueillir une urne cin\u00e9raire pour chacun des d\u00e9funts.\u00a0<br \/>\u00a0<br \/>26.05 Les urnes dans les niches avec fa\u00e7ade de granit seront fabriqu\u00e9es d\u2019un mat\u00e9riau biod\u00e9gradable ou non. Elles doivent avoir une fermeture herm\u00e9tique.\u00a0<br \/>\u00a0<br \/>26.06 Sur la fa\u00e7ade de la niche avec fa\u00e7ade de granit, seule la Fabrique peut proc\u00e9der aux gravures et \u00e0 l\u2019inscription. \u00a0<br \/>\u00a0<br \/>26.07 La fa\u00e7ade d\u2019une niche avec fa\u00e7ade de granit pourra \u00eatre grav\u00e9e des : pr\u00e9nom, nom, ann\u00e9es de naissance et de d\u00e9c\u00e8s de la personne dont les cendres s\u2019y trouvent.\u00a0<br \/>\u00a0<br \/>26.08 Aucun ornement, photo ou autre objet ne peut \u00eatre coll\u00e9, install\u00e9 ou fix\u00e9 sur la fa\u00e7ade d\u2019une niche. Tout item sera enlev\u00e9 sans pr\u00e9avis.\u00a0<br \/>\u00a0<br \/>26.09 Au Jardin des cendres, il est interdit de d\u00e9poser au sol ou sur le dessus de ceux-ci des lampions, lanternes, vases, bouquets de fleurs ou autres objets.\u00a0<br \/>\u00a0<br \/>26.10 La manipulation des plaques de fa\u00e7ade de verre ou de granit et des urnes cin\u00e9raires ne peut \u00eatre effectu\u00e9e que par un repr\u00e9sentant de la Fabrique. Aucun concessionnaire ou autre personne n\u2019a l\u2019autorisation de manipuler une plaque de fa\u00e7ade.\u00a0<\/p>\t\t\t\t\t\t\t\t<\/div>\n\t\t\t\t<\/div>\n\t\t\t\t<\/div>\n\t\t<div class=\"elementor-element elementor-element-8262916 e-con-full e-flex e-con e-child\" data-id=\"8262916\" data-element_type=\"container\">\n\t\t\t\t<div class=\"elementor-element elementor-element-f2d3164 elementor-widget elementor-widget-heading\" data-id=\"f2d3164\" data-element_type=\"widget\" data-widget_type=\"heading.default\">\n\t\t\t\t<div class=\"elementor-widget-container\">\n\t\t\t\t\t<h2 class=\"elementor-heading-title elementor-size-default\">CHAPITRE 9:Restrictions diverses \n <\/h2>\t\t\t\t<\/div>\n\t\t\t\t<\/div>\n\t\t\t\t<\/div>\n\t\t<div class=\"elementor-element elementor-element-e5230e3 e-con-full e-flex e-con e-child\" data-id=\"e5230e3\" data-element_type=\"container\">\n\t\t\t\t<div class=\"elementor-element elementor-element-eb1a55d elementor-widget elementor-widget-heading\" data-id=\"eb1a55d\" data-element_type=\"widget\" data-widget_type=\"heading.default\">\n\t\t\t\t<div class=\"elementor-widget-container\">\n\t\t\t\t\t<h2 class=\"elementor-heading-title elementor-size-default\">27 : Restrictions diverses \n <\/h2>\t\t\t\t<\/div>\n\t\t\t\t<\/div>\n\t\t\t\t<\/div>\n\t\t<div class=\"elementor-element elementor-element-645de15 e-con-full e-flex e-con e-child\" data-id=\"645de15\" data-element_type=\"container\">\n\t\t\t\t<div class=\"elementor-element elementor-element-527ff48 elementor-widget elementor-widget-text-editor\" data-id=\"527ff48\" data-element_type=\"widget\" data-widget_type=\"text-editor.default\">\n\t\t\t\t<div class=\"elementor-widget-container\">\n\t\t\t\t\t\t\t\t\t<p>27.01 La Fabrique ne sera pas responsable des pr\u00e9judices et des dommages caus\u00e9s aux biens des concessionnaires, en raison d\u2019une expropriation ou des d\u00e9cisions d\u2019autorit\u00e9s sup\u00e9rieures, civiles ou religieuses, concernant l\u2019exploitation des cimeti\u00e8res.\u00a0<br \/>\u00a0<br \/>27.02 De la m\u00eame fa\u00e7on, la Fabrique ne sera pas responsable des actes de vandalisme ou autres dommages caus\u00e9s par autrui, ou des dommages caus\u00e9s par le vent ou autrement.\u00a0<br \/>\u00a0<br \/>27.03 La Fabrique peut refuser l\u2019admission ou l\u2019entr\u00e9e au cimeti\u00e8re \u00e0 tout manifestant ou \u00e0 toute personne ou groupe de personnes ayant un comportement ind\u00e9sirable.\u00a0<br \/>\u00a0<br \/>27.04 Personne n\u2019est autoris\u00e9 \u00e0 faire de la sollicitation ou de la repr\u00e9sentation au nom de la Fabrique sans avoir \u00e9t\u00e9 express\u00e9ment mandat\u00e9 par un \u00e9crit officiel.\u00a0<br \/>\u00a0<br \/>27.05 Dans le Terrain communautaire, les cercueils \u00a0<br \/>non-biod\u00e9gradables ne sont pas autoris\u00e9s.\u00a0<br \/>15\u00a0<br \/>\u00a0<br \/>27.06 La Fabrique peut prendre tous les moyens qu\u2019elle juge n\u00e9cessaires ou utiles \u00e0 l\u2019ex\u00e9cution de ses obligations, y compris, si besoin \u00e9tait, de diff\u00e9rer telle inhumation ou d\u00e9p\u00f4t ou exhumation, de transporter et d\u2019entreposer les restes \u00a0<\/p>\t\t\t\t\t\t\t\t<\/div>\n\t\t\t\t<\/div>\n\t\t\t\t<\/div>\n\t\t<div class=\"elementor-element elementor-element-b4adfa9 e-con-full e-flex e-con e-child\" data-id=\"b4adfa9\" data-element_type=\"container\">\n\t\t\t\t<div class=\"elementor-element elementor-element-b8c111a elementor-widget elementor-widget-heading\" data-id=\"b8c111a\" data-element_type=\"widget\" data-widget_type=\"heading.default\">\n\t\t\t\t<div class=\"elementor-widget-container\">\n\t\t\t\t\t<h2 class=\"elementor-heading-title elementor-size-default\">CHAPITRE 10:Dispositions finales <\/h2>\t\t\t\t<\/div>\n\t\t\t\t<\/div>\n\t\t\t\t<\/div>\n\t\t<div class=\"elementor-element elementor-element-60e3810 e-con-full e-flex e-con e-child\" data-id=\"60e3810\" data-element_type=\"container\">\n\t\t\t\t<div class=\"elementor-element elementor-element-c874306 elementor-widget elementor-widget-heading\" data-id=\"c874306\" data-element_type=\"widget\" data-widget_type=\"heading.default\">\n\t\t\t\t<div class=\"elementor-widget-container\">\n\t\t\t\t\t<h2 class=\"elementor-heading-title elementor-size-default\">28 : CORRESPONDANCE <\/h2>\t\t\t\t<\/div>\n\t\t\t\t<\/div>\n\t\t\t\t<\/div>\n\t\t<div class=\"elementor-element elementor-element-649e922 e-con-full e-flex e-con e-child\" data-id=\"649e922\" data-element_type=\"container\">\n\t\t\t\t<div class=\"elementor-element elementor-element-ccb8a5f elementor-widget elementor-widget-text-editor\" data-id=\"ccb8a5f\" data-element_type=\"widget\" data-widget_type=\"text-editor.default\">\n\t\t\t\t<div class=\"elementor-widget-container\">\n\t\t\t\t\t\t\t\t\t<p>28.01 Aux fins du pr\u00e9sent R\u00e8glement, l\u2019adresse du bureau d\u2019affaires du cimeti\u00e8re est le 655, rue Principale, Laval, Qu\u00e9bec, H7X 1E2.\u00a0<br \/>\u00a0<br \/>28.02 L\u2019adresse du concessionnaire est sa derni\u00e8re adresse inscrite au dossier de son emplacement fun\u00e9raire.\u00a0<br \/>\u00a0<br \/>28.03 Le concessionnaire doit aviser la Fabrique, \u00e0 son bureau du cimeti\u00e8re, de tous ses changements de coordonn\u00e9es (adresse, t\u00e9l\u00e9phone, courriel) dans les trente (30) jours du changement de coordonn\u00e9es.\u00a0<\/p>\t\t\t\t\t\t\t\t<\/div>\n\t\t\t\t<\/div>\n\t\t\t\t<\/div>\n\t\t<div class=\"elementor-element elementor-element-b92b3f3 e-con-full e-flex e-con e-child\" data-id=\"b92b3f3\" data-element_type=\"container\">\n\t\t\t\t<div class=\"elementor-element elementor-element-344cc66 elementor-widget elementor-widget-heading\" data-id=\"344cc66\" data-element_type=\"widget\" data-widget_type=\"heading.default\">\n\t\t\t\t<div class=\"elementor-widget-container\">\n\t\t\t\t\t<h2 class=\"elementor-heading-title elementor-size-default\">29 : R\u00c8GLEMENT ANT\u00c9RIEUR <\/h2>\t\t\t\t<\/div>\n\t\t\t\t<\/div>\n\t\t\t\t<\/div>\n\t\t<div class=\"elementor-element elementor-element-9863453 e-con-full e-flex e-con e-child\" data-id=\"9863453\" data-element_type=\"container\">\n\t\t\t\t<div class=\"elementor-element elementor-element-011930f elementor-widget elementor-widget-text-editor\" data-id=\"011930f\" data-element_type=\"widget\" data-widget_type=\"text-editor.default\">\n\t\t\t\t<div class=\"elementor-widget-container\">\n\t\t\t\t\t\t\t\t\t<p>29.01 Le R\u00e8glement ant\u00e9rieur du cimeti\u00e8re catholique de la Fabrique de la paroisse de Sainte-Doroth\u00e9e, Laval, adopt\u00e9 lors de l\u2019assembl\u00e9e r\u00e9guli\u00e8re des marguilliers de ladite paroisse tenue le 26 septembre 2000, vu et approuv\u00e9 par l\u2019Archev\u00eaque de Montr\u00e9al, le cardinal \u00a0<br \/>Jean-Claude Turcotte, le 23 octobre 2000 est remplac\u00e9 conform\u00e9ment \u00e0 la loi par le pr\u00e9sent R\u00e8glement.\u00a0<br \/>\u00a0<br \/>29.02 La r\u00e9solution approuv\u00e9e le 29 mars 2005 par l\u2019assembl\u00e9e des membres de la Fabrique de la paroisse de Sainte-Doroth\u00e9e, voulant que le R\u00e8glement du cimeti\u00e8re de la paroisse Sainte-Doroth\u00e9e devienne aussi celui du cimeti\u00e8re Notre-Dame-de-L\u2019Esp\u00e9rance, approuv\u00e9e par l\u2019Archev\u00eaque de Montr\u00e9al, le cardinal \u00a0<br \/>Jean-Claude Turcotte, le 09 mai 2005 est, maintenant, pleinement r\u00e9alis\u00e9e par l\u2019\u00e9mission du pr\u00e9sent R\u00e8glement.\u00a0<\/p>\t\t\t\t\t\t\t\t<\/div>\n\t\t\t\t<\/div>\n\t\t\t\t<\/div>\n\t\t<div class=\"elementor-element elementor-element-97c2eda e-con-full e-flex e-con e-child\" data-id=\"97c2eda\" data-element_type=\"container\">\n\t\t\t\t<div class=\"elementor-element elementor-element-b329e4e elementor-widget elementor-widget-heading\" data-id=\"b329e4e\" data-element_type=\"widget\" data-widget_type=\"heading.default\">\n\t\t\t\t<div class=\"elementor-widget-container\">\n\t\t\t\t\t<h2 class=\"elementor-heading-title elementor-size-default\">30 : ENTR\u00c9E EN VIGUEUR DU PR\u00c9SENT R\u00c8GLEMENT <\/h2>\t\t\t\t<\/div>\n\t\t\t\t<\/div>\n\t\t\t\t<\/div>\n\t\t<div class=\"elementor-element elementor-element-5aa1f43 e-con-full e-flex e-con e-child\" data-id=\"5aa1f43\" data-element_type=\"container\">\n\t\t\t\t<div class=\"elementor-element elementor-element-5ea25e7 elementor-widget elementor-widget-text-editor\" data-id=\"5ea25e7\" data-element_type=\"widget\" data-widget_type=\"text-editor.default\">\n\t\t\t\t<div class=\"elementor-widget-container\">\n\t\t\t\t\t\t\t\t\t<p>Le pr\u00e9sent R\u00e8glement, approuv\u00e9 lors de l\u2019assembl\u00e9e r\u00e9guli\u00e8re de la Fabrique de Sainte-Doroth\u00e9e, Ville de Laval, tenue ce 7 juillet 2021, entre en vigueur \u00e0 compter du 30 ao\u00fbt 2022, date de son approbation par \u00a0<br \/>l\u2019Archev\u00eaque de Montr\u00e9al, Monseigneur Christian L\u00e9pine.\u00a0<\/p>\t\t\t\t\t\t\t\t<\/div>\n\t\t\t\t<\/div>\n\t\t\t\t<\/div>\n\t\t\t\t\t<\/div>\n\t\t\t\t<\/div>\n\t\t\t\t<\/div>\n\t\t","protected":false},"excerpt":{"rendered":"<p>Cimeti\u00e8res Sainte-Doroth\u00e9e et de Notre-Dame-de-l&rsquo;Esp\u00e9rance. Cimeti\u00e8re Sainte-Doroth\u00e9e Adresse 655 Rue Principale, Laval, QC H7X 1E2 Heures Ouvert en tout temps [&hellip;]<\/p>\n","protected":false},"author":2,"featured_media":0,"parent":0,"menu_order":0,"comment_status":"closed","ping_status":"closed","template":"","meta":{"_uag_custom_page_level_css":"","site-sidebar-layout":"no-sidebar","site-content-layout":"","ast-site-content-layout":"full-width-container","site-content-style":"default","site-sidebar-style":"default","ast-global-header-display":"","ast-banner-title-visibility":"","ast-main-header-display":"","ast-hfb-above-header-display":"","ast-hfb-below-header-display":"","ast-hfb-mobile-header-display":"","site-post-title":"disabled","ast-breadcrumbs-content":"","ast-featured-img":"disabled","footer-sml-layout":"","theme-transparent-header-meta":"enabled","adv-header-id-meta":"","stick-header-meta":"","header-above-stick-meta":"","header-main-stick-meta":"","header-below-stick-meta":"","astra-migrate-meta-layouts":"default","ast-page-background-enabled":"default","ast-page-background-meta":{"desktop":{"background-color":"var(--ast-global-color-4)","background-image":"","background-repeat":"repeat","background-position":"center center","background-size":"auto","background-attachment":"scroll","background-type":"","background-media":"","overlay-type":"","overlay-color":"","overlay-opacity":"","overlay-gradient":""},"tablet":{"background-color":"","background-image":"","background-repeat":"repeat","background-position":"center center","background-size":"auto","background-attachment":"scroll","background-type":"","background-media":"","overlay-type":"","overlay-color":"","overlay-opacity":"","overlay-gradient":""},"mobile":{"background-color":"","background-image":"","background-repeat":"repeat","background-position":"center center","background-size":"auto","background-attachment":"scroll","background-type":"","background-media":"","overlay-type":"","overlay-color":"","overlay-opacity":"","overlay-gradient":""}},"ast-content-background-meta":{"desktop":{"background-color":"var(--ast-global-color-5)","background-image":"","background-repeat":"repeat","background-position":"center center","background-size":"auto","background-attachment":"scroll","background-type":"","background-media":"","overlay-type":"","overlay-color":"","overlay-opacity":"","overlay-gradient":""},"tablet":{"background-color":"var(--ast-global-color-5)","background-image":"","background-repeat":"repeat","background-position":"center center","background-size":"auto","background-attachment":"scroll","background-type":"","background-media":"","overlay-type":"","overlay-color":"","overlay-opacity":"","overlay-gradient":""},"mobile":{"background-color":"var(--ast-global-color-5)","background-image":"","background-repeat":"repeat","background-position":"center center","background-size":"auto","background-attachment":"scroll","background-type":"","background-media":"","overlay-type":"","overlay-color":"","overlay-opacity":"","overlay-gradient":""}},"footnotes":""},"class_list":["post-12","page","type-page","status-publish","hentry"],"uagb_featured_image_src":{"full":false,"thumbnail":false,"medium":false,"medium_large":false,"large":false,"1536x1536":false,"2048x2048":false},"uagb_author_info":{"display_name":"Joseph R","author_link":"https:\/\/maparoisse.ca\/site-juillet-2024\/author\/joseph\/"},"uagb_comment_info":0,"uagb_excerpt":"Cimeti\u00e8res Sainte-Doroth\u00e9e et de Notre-Dame-de-l&rsquo;Esp\u00e9rance. Cimeti\u00e8re Sainte-Doroth\u00e9e Adresse 655 Rue Principale, Laval, QC H7X 1E2 Heures Ouvert en tout temps [&hellip;]","_links":{"self":[{"href":"https:\/\/maparoisse.ca\/site-juillet-2024\/wp-json\/wp\/v2\/pages\/12","targetHints":{"allow":["GET"]}}],"collection":[{"href":"https:\/\/maparoisse.ca\/site-juillet-2024\/wp-json\/wp\/v2\/pages"}],"about":[{"href":"https:\/\/maparoisse.ca\/site-juillet-2024\/wp-json\/wp\/v2\/types\/page"}],"author":[{"embeddable":true,"href":"https:\/\/maparoisse.ca\/site-juillet-2024\/wp-json\/wp\/v2\/users\/2"}],"replies":[{"embeddable":true,"href":"https:\/\/maparoisse.ca\/site-juillet-2024\/wp-json\/wp\/v2\/comments?post=12"}],"version-history":[{"count":28,"href":"https:\/\/maparoisse.ca\/site-juillet-2024\/wp-json\/wp\/v2\/pages\/12\/revisions"}],"predecessor-version":[{"id":1745,"href":"https:\/\/maparoisse.ca\/site-juillet-2024\/wp-json\/wp\/v2\/pages\/12\/revisions\/1745"}],"wp:attachment":[{"href":"https:\/\/maparoisse.ca\/site-juillet-2024\/wp-json\/wp\/v2\/media?parent=12"}],"curies":[{"name":"wp","href":"https:\/\/api.w.org\/{rel}","templated":true}]}}